{"id":3302,"date":"2024-08-02T13:34:01","date_gmt":"2024-08-02T10:34:01","guid":{"rendered":"https:\/\/cisl.usv.ro\/?page_id=3302"},"modified":"2024-08-02T13:36:46","modified_gmt":"2024-08-02T10:36:46","slug":"presencia-en-los-medios-de-comunicacion","status":"publish","type":"page","link":"https:\/\/cisl.usv.ro\/?page_id=3302&lang=es","title":{"rendered":"Presencia en los medios de comunicaci\u00f3n"},"content":{"rendered":"<p><strong>2023<\/strong><\/p>\n<p><a href=\"https:\/\/intermediatv.ro\/2023\/09\/21\/timp-si-limbaj-la-usv-colocviul-international-de-stiinte-ale-limbajului\/\" rel=\"noopener\" target=\"_blank\">https:\/\/intermediatv.ro\/2023\/09\/21\/timp-si-limbaj-la-usv-colocviul-international-de-stiinte-ale-limbajului\/<\/a><br \/>\n<a href=\"https:\/\/www.monitorulsv.ro\/Ultima-ora-local\/2023-09-19\/Editie-a-Colocviului-International-de-Stiinte-ale-Limbajului-gazduita-de-USV\" rel=\"noopener\" target=\"_blank\">https:\/\/www.monitorulsv.ro\/Ultima-ora-local\/2023-09-19\/Editie-a-Colocviului-International-de-Stiinte-ale-Limbajului-gazduita-de-USV<\/a><br \/>\n<a href=\"https:\/\/www.crainou.ro\/2023\/10\/02\/cronica-cisl-eugeniu-coseriu-2023\/\" rel=\"noopener\" target=\"_blank\">https:\/\/www.crainou.ro\/2023\/10\/02\/cronica-cisl-eugeniu-coseriu-2023\/<\/a><\/p>\n<p><strong>2015<\/strong><\/p>\n<p><a href=\"https:\/\/www.monitorulsv.ro\/Local\/2015-12-16\/Peste-o-mie-de-pagini-de-comunicari-stiintifice-rodul-Colocviului-International-de-Stiinte-ale-Limbajului-Eugeniu-Coseriu-de-la-USV\" rel=\"noopener\" target=\"_blank\">https:\/\/www.monitorulsv.ro\/Local\/2015-12-16\/Peste-o-mie-de-pagini-de-comunicari-stiintifice-rodul-Colocviului-International-de-Stiinte-ale-Limbajului-Eugeniu-Coseriu-de-la-USV<\/a><br \/>\n<a href=\"https:\/\/www.monitorulsv.ro\/Local\/2015-10-19\/Regal-academic-la-Universitatea-Stefan-cel-Mare-Suceava\" rel=\"noopener\" target=\"_blank\">https:\/\/www.monitorulsv.ro\/Local\/2015-10-19\/Regal-academic-la-Universitatea-Stefan-cel-Mare-Suceava<\/a><br \/>\n<a href=\"https:\/\/www.monitorulsv.ro\/Local\/2015-10-17\/Una-dintre-cele-mai-mari-manifestari-de-profil-filologic-din-lume-a-inceput-ieri-la-USV\" rel=\"noopener\" target=\"_blank\">https:\/\/www.monitorulsv.ro\/Local\/2015-10-17\/Una-dintre-cele-mai-mari-manifestari-de-profil-filologic-din-lume-a-inceput-ieri-la-USV<\/a><br \/>\n<a href=\"http:\/\/www.crainou.ro\/2015\/10\/17\/colocviul-international-de-stiinte-ale-limbajului-eugeniu-coseriu-2\/\" rel=\"noopener\" target=\"_blank\">http:\/\/www.crainou.ro\/2015\/10\/17\/colocviul-international-de-stiinte-ale-limbajului-eugeniu-coseriu-2\/<\/a><br \/>\n<a href=\"http:\/\/www.newsbucovina.ro\/social\/142229\/peste-130-de-profesori-cercetatori-si-doctoranzi-participa-la-colocviul-international-de-stiinte-ale-limbajului-eugeniu-coseriu-de-la-usv\" rel=\"noopener\" target=\"_blank\">http:\/\/www.newsbucovina.ro\/social\/142229\/peste-130-de-profesori-cercetatori-si-doctoranzi-participa-la-colocviul-international-de-stiinte-ale-limbajului-eugeniu-coseriu-de-la-usv<\/a><br \/>\n<a href=\"http:\/\/www.newsbucovina.ro\/evenimente\/142058\/ardeleanu-colocviul-international-de-stiinte-ale-limbajului-eugeniu-coseriu-de-la-usv-intinereste-de-la-o-editie-la-alta\" rel=\"noopener\" target=\"_blank\">http:\/\/www.newsbucovina.ro\/evenimente\/142058\/ardeleanu-colocviul-international-de-stiinte-ale-limbajului-eugeniu-coseriu-de-la-usv-intinereste-de-la-o-editie-la-alta<\/a><\/p>\n","protected":false},"excerpt":{"rendered":"<p>2023 https:\/\/intermediatv.ro\/2023\/09\/21\/timp-si-limbaj-la-usv-colocviul-international-de-stiinte-ale-limbajului\/ https:\/\/www.monitorulsv.ro\/Ultima-ora-local\/2023-09-19\/Editie-a-Colocviului-International-de-Stiinte-ale-Limbajului-gazduita-de-USV https:\/\/www.crainou.ro\/2023\/10\/02\/cronica-cisl-eugeniu-coseriu-2023\/ 2015 https:\/\/www.monitorulsv.ro\/Local\/2015-12-16\/Peste-o-mie-de-pagini-de-comunicari-stiintifice-rodul-Colocviului-International-de-Stiinte-ale-Limbajului-Eugeniu-Coseriu-de-la-USV https:\/\/www.monitorulsv.ro\/Local\/2015-10-19\/Regal-academic-la-Universitatea-Stefan-cel-Mare-Suceava https:\/\/www.monitorulsv.ro\/Local\/2015-10-17\/Una-dintre-cele-mai-mari-manifestari-de-profil-filologic-din-lume-a-inceput-ieri-la-USV http:\/\/www.crainou.ro\/2015\/10\/17\/colocviul-international-de-stiinte-ale-limbajului-eugeniu-coseriu-2\/ http:\/\/www.newsbucovina.ro\/social\/142229\/peste-130-de-profesori-cercetatori-si-doctoranzi-participa-la-colocviul-international-de-stiinte-ale-limbajului-eugeniu-coseriu-de-la-usv http:\/\/www.newsbucovina.ro\/evenimente\/142058\/ardeleanu-colocviul-international-de-stiinte-ale-limbajului-eugeniu-coseriu-de-la-usv-intinereste-de-la-o-editie-la-alta<\/p>\n","protected":false},"author":52,"featured_media":0,"parent":0,"menu_order":0,"comment_status":"closed","ping_status":"closed","template":"","meta":{"cybocfi_hide_featured_image":"","footnotes":""},"class_list":["post-3302","page","type-page","status-publish","hentry"],"yoast_head":"<!-- This site is optimized with the Yoast SEO plugin v27.5 - https:\/\/yoast.com\/product\/yoast-seo-wordpress\/ -->\n<title>Presencia en los medios de comunicaci\u00f3n - Colocviul Interna\u021bional de \u0218tiin\u021be ale Limbajului (CISL) \u201eEugeniu Co\u0219eriu\u201d<\/title>\n<meta name=\"robots\" content=\"index, follow, max-snippet:-1, max-image-preview:large, max-video-preview:-1\" \/>\n<link rel=\"canonical\" href=\"https:\/\/cisl.usv.ro\/?page_id=3302&lang=es\" \/>\n<meta property=\"og:locale\" content=\"en_US\" \/>\n<meta property=\"og:type\" content=\"article\" \/>\n<meta property=\"og:title\" content=\"Presencia en los medios de comunicaci\u00f3n - Colocviul Interna\u021bional de \u0218tiin\u021be ale Limbajului (CISL) \u201eEugeniu Co\u0219eriu\u201d\" \/>\n<meta property=\"og:description\" content=\"2023 https:\/\/intermediatv.ro\/2023\/09\/21\/timp-si-limbaj-la-usv-colocviul-international-de-stiinte-ale-limbajului\/ https:\/\/www.monitorulsv.ro\/Ultima-ora-local\/2023-09-19\/Editie-a-Colocviului-International-de-Stiinte-ale-Limbajului-gazduita-de-USV https:\/\/www.crainou.ro\/2023\/10\/02\/cronica-cisl-eugeniu-coseriu-2023\/ 2015 https:\/\/www.monitorulsv.ro\/Local\/2015-12-16\/Peste-o-mie-de-pagini-de-comunicari-stiintifice-rodul-Colocviului-International-de-Stiinte-ale-Limbajului-Eugeniu-Coseriu-de-la-USV https:\/\/www.monitorulsv.ro\/Local\/2015-10-19\/Regal-academic-la-Universitatea-Stefan-cel-Mare-Suceava https:\/\/www.monitorulsv.ro\/Local\/2015-10-17\/Una-dintre-cele-mai-mari-manifestari-de-profil-filologic-din-lume-a-inceput-ieri-la-USV http:\/\/www.crainou.ro\/2015\/10\/17\/colocviul-international-de-stiinte-ale-limbajului-eugeniu-coseriu-2\/ http:\/\/www.newsbucovina.ro\/social\/142229\/peste-130-de-profesori-cercetatori-si-doctoranzi-participa-la-colocviul-international-de-stiinte-ale-limbajului-eugeniu-coseriu-de-la-usv http:\/\/www.newsbucovina.ro\/evenimente\/142058\/ardeleanu-colocviul-international-de-stiinte-ale-limbajului-eugeniu-coseriu-de-la-usv-intinereste-de-la-o-editie-la-alta\" \/>\n<meta property=\"og:url\" content=\"https:\/\/cisl.usv.ro\/?page_id=3302&amp;lang=es\" \/>\n<meta property=\"og:site_name\" content=\"Colocviul Interna\u021bional de \u0218tiin\u021be ale Limbajului (CISL) \u201eEugeniu Co\u0219eriu\u201d\" \/>\n<meta property=\"article:modified_time\" content=\"2024-08-02T10:36:46+00:00\" \/>\n<meta name=\"twitter:card\" content=\"summary_large_image\" \/>\n<script type=\"application\/ld+json\" class=\"yoast-schema-graph\">{\"@context\":\"https:\\\/\\\/schema.org\",\"@graph\":[{\"@type\":\"WebPage\",\"@id\":\"https:\\\/\\\/cisl.usv.ro\\\/?page_id=3302&lang=es\",\"url\":\"https:\\\/\\\/cisl.usv.ro\\\/?page_id=3302&lang=es\",\"name\":\"Presencia en los medios de comunicaci\u00f3n - Colocviul Interna\u021bional de \u0218tiin\u021be ale Limbajului (CISL) \u201eEugeniu Co\u0219eriu\u201d\",\"isPartOf\":{\"@id\":\"https:\\\/\\\/cisl.usv.ro\\\/#website\"},\"datePublished\":\"2024-08-02T10:34:01+00:00\",\"dateModified\":\"2024-08-02T10:36:46+00:00\",\"breadcrumb\":{\"@id\":\"https:\\\/\\\/cisl.usv.ro\\\/?page_id=3302&lang=es#breadcrumb\"},\"inLanguage\":\"en-US\",\"potentialAction\":[{\"@type\":\"ReadAction\",\"target\":[\"https:\\\/\\\/cisl.usv.ro\\\/?page_id=3302&lang=es\"]}]},{\"@type\":\"BreadcrumbList\",\"@id\":\"https:\\\/\\\/cisl.usv.ro\\\/?page_id=3302&lang=es#breadcrumb\",\"itemListElement\":[{\"@type\":\"ListItem\",\"position\":1,\"name\":\"Home\",\"item\":\"https:\\\/\\\/cisl.usv.ro\\\/\"},{\"@type\":\"ListItem\",\"position\":2,\"name\":\"Presencia en los medios de comunicaci\u00f3n\"}]},{\"@type\":\"WebSite\",\"@id\":\"https:\\\/\\\/cisl.usv.ro\\\/#website\",\"url\":\"https:\\\/\\\/cisl.usv.ro\\\/\",\"name\":\"Colocviul Interna\u021bional de \u0218tiin\u021be ale Limbajului (CISL) \u201eEugeniu Co\u0219eriu\u201d\",\"description\":\"Colocviul Interna\u021bional de \u0218tiin\u021be ale Limbajului \u201cEugeniu Co\u0219eriu\u201d, cu o tradi\u0163ie de peste 30 de ani, reprezint\u0103 un eveniment academic de referin\u021b\u0103 \u00een urm\u0103toarele domenii: semiotic\u0103, lingvistic\u0103, literatur\u0103, \u015ftiin\u0163e umaniste, filosofia limbii, didactic\u0103.\",\"potentialAction\":[{\"@type\":\"SearchAction\",\"target\":{\"@type\":\"EntryPoint\",\"urlTemplate\":\"https:\\\/\\\/cisl.usv.ro\\\/?s={search_term_string}\"},\"query-input\":{\"@type\":\"PropertyValueSpecification\",\"valueRequired\":true,\"valueName\":\"search_term_string\"}}],\"inLanguage\":\"en-US\"}]}<\/script>\n<!-- \/ Yoast SEO plugin. -->","yoast_head_json":{"title":"Presencia en los medios de comunicaci\u00f3n - Colocviul Interna\u021bional de \u0218tiin\u021be ale Limbajului (CISL) \u201eEugeniu Co\u0219eriu\u201d","robots":{"index":"index","follow":"follow","max-snippet":"max-snippet:-1","max-image-preview":"max-image-preview:large","max-video-preview":"max-video-preview:-1"},"canonical":"https:\/\/cisl.usv.ro\/?page_id=3302&lang=es","og_locale":"en_US","og_type":"article","og_title":"Presencia en los medios de comunicaci\u00f3n - Colocviul Interna\u021bional de \u0218tiin\u021be ale Limbajului (CISL) \u201eEugeniu Co\u0219eriu\u201d","og_description":"2023 https:\/\/intermediatv.ro\/2023\/09\/21\/timp-si-limbaj-la-usv-colocviul-international-de-stiinte-ale-limbajului\/ https:\/\/www.monitorulsv.ro\/Ultima-ora-local\/2023-09-19\/Editie-a-Colocviului-International-de-Stiinte-ale-Limbajului-gazduita-de-USV https:\/\/www.crainou.ro\/2023\/10\/02\/cronica-cisl-eugeniu-coseriu-2023\/ 2015 https:\/\/www.monitorulsv.ro\/Local\/2015-12-16\/Peste-o-mie-de-pagini-de-comunicari-stiintifice-rodul-Colocviului-International-de-Stiinte-ale-Limbajului-Eugeniu-Coseriu-de-la-USV https:\/\/www.monitorulsv.ro\/Local\/2015-10-19\/Regal-academic-la-Universitatea-Stefan-cel-Mare-Suceava https:\/\/www.monitorulsv.ro\/Local\/2015-10-17\/Una-dintre-cele-mai-mari-manifestari-de-profil-filologic-din-lume-a-inceput-ieri-la-USV http:\/\/www.crainou.ro\/2015\/10\/17\/colocviul-international-de-stiinte-ale-limbajului-eugeniu-coseriu-2\/ http:\/\/www.newsbucovina.ro\/social\/142229\/peste-130-de-profesori-cercetatori-si-doctoranzi-participa-la-colocviul-international-de-stiinte-ale-limbajului-eugeniu-coseriu-de-la-usv http:\/\/www.newsbucovina.ro\/evenimente\/142058\/ardeleanu-colocviul-international-de-stiinte-ale-limbajului-eugeniu-coseriu-de-la-usv-intinereste-de-la-o-editie-la-alta","og_url":"https:\/\/cisl.usv.ro\/?page_id=3302&lang=es","og_site_name":"Colocviul Interna\u021bional de \u0218tiin\u021be ale Limbajului (CISL) \u201eEugeniu Co\u0219eriu\u201d","article_modified_time":"2024-08-02T10:36:46+00:00","twitter_card":"summary_large_image","schema":{"@context":"https:\/\/schema.org","@graph":[{"@type":"WebPage","@id":"https:\/\/cisl.usv.ro\/?page_id=3302&lang=es","url":"https:\/\/cisl.usv.ro\/?page_id=3302&lang=es","name":"Presencia en los medios de comunicaci\u00f3n - Colocviul Interna\u021bional de \u0218tiin\u021be ale Limbajului (CISL) \u201eEugeniu Co\u0219eriu\u201d","isPartOf":{"@id":"https:\/\/cisl.usv.ro\/#website"},"datePublished":"2024-08-02T10:34:01+00:00","dateModified":"2024-08-02T10:36:46+00:00","breadcrumb":{"@id":"https:\/\/cisl.usv.ro\/?page_id=3302&lang=es#breadcrumb"},"inLanguage":"en-US","potentialAction":[{"@type":"ReadAction","target":["https:\/\/cisl.usv.ro\/?page_id=3302&lang=es"]}]},{"@type":"BreadcrumbList","@id":"https:\/\/cisl.usv.ro\/?page_id=3302&lang=es#breadcrumb","itemListElement":[{"@type":"ListItem","position":1,"name":"Home","item":"https:\/\/cisl.usv.ro\/"},{"@type":"ListItem","position":2,"name":"Presencia en los medios de comunicaci\u00f3n"}]},{"@type":"WebSite","@id":"https:\/\/cisl.usv.ro\/#website","url":"https:\/\/cisl.usv.ro\/","name":"Colocviul Interna\u021bional de \u0218tiin\u021be ale Limbajului (CISL) \u201eEugeniu Co\u0219eriu\u201d","description":"Colocviul Interna\u021bional de \u0218tiin\u021be ale Limbajului \u201cEugeniu Co\u0219eriu\u201d, cu o tradi\u0163ie de peste 30 de ani, reprezint\u0103 un eveniment academic de referin\u021b\u0103 \u00een urm\u0103toarele domenii: semiotic\u0103, lingvistic\u0103, literatur\u0103, \u015ftiin\u0163e umaniste, filosofia limbii, didactic\u0103.","potentialAction":[{"@type":"SearchAction","target":{"@type":"EntryPoint","urlTemplate":"https:\/\/cisl.usv.ro\/?s={search_term_string}"},"query-input":{"@type":"PropertyValueSpecification","valueRequired":true,"valueName":"search_term_string"}}],"inLanguage":"en-US"}]}},"_links":{"self":[{"href":"https:\/\/cisl.usv.ro\/index.php?rest_route=\/wp\/v2\/pages\/3302","targetHints":{"allow":["GET"]}}],"collection":[{"href":"https:\/\/cisl.usv.ro\/index.php?rest_route=\/wp\/v2\/pages"}],"about":[{"href":"https:\/\/cisl.usv.ro\/index.php?rest_route=\/wp\/v2\/types\/page"}],"author":[{"embeddable":true,"href":"https:\/\/cisl.usv.ro\/index.php?rest_route=\/wp\/v2\/users\/52"}],"replies":[{"embeddable":true,"href":"https:\/\/cisl.usv.ro\/index.php?rest_route=%2Fwp%2Fv2%2Fcomments&post=3302"}],"version-history":[{"count":0,"href":"https:\/\/cisl.usv.ro\/index.php?rest_route=\/wp\/v2\/pages\/3302\/revisions"}],"wp:attachment":[{"href":"https:\/\/cisl.usv.ro\/index.php?rest_route=%2Fwp%2Fv2%2Fmedia&parent=3302"}],"curies":[{"name":"wp","href":"https:\/\/api.w.org\/{rel}","templated":true}]}}