{"id":3217,"date":"2024-08-02T11:48:52","date_gmt":"2024-08-02T08:48:52","guid":{"rendered":"https:\/\/cisl.usv.ro\/?page_id=3217"},"modified":"2024-08-11T10:09:25","modified_gmt":"2024-08-11T07:09:25","slug":"comite-scientifique","status":"publish","type":"page","link":"https:\/\/cisl.usv.ro\/?page_id=3217&lang=fr","title":{"rendered":"Comit\u00e9 scientifique"},"content":{"rendered":"<p><strong>2023<\/strong><br \/>\n<br \/><\/br><br \/>\nSanda-Maria Ardeleanu, prof. univ. dr., Universit\u00e9 &#8220;Stefan cel Mare&#8221;, Suceava, Roumanie<br \/>\nCristina Bleor\u021bu, PhD, Universit\u00e9 de Zurich, Suisse<br \/>\nOana Boc, PhD, Universit\u00e9 Babe\u0219-Bolyai, Cluj-Napoca, Roumanie<br \/>\nEugenia Bojoga, PhD, Universit\u00e9 Babe\u0219-Bolyai, Cluj-Napoca, Roumanie<br \/>\nTatiana Ciocoi, PhD habil. prof. habil., Universit\u00e9 d&#8217;\u00c9tat de Moldavie, R\u00e9publique de Moldavie<br \/>\nClaudia Costin, dr. univ. habil. habil., Universit\u00e9 &#8220;Stefan cel Mare&#8221;, Suceava, Roumanie<br \/>\nMarius Cucu, charg\u00e9 de cours, Universit\u00e9 &#8220;Stefan cel Mare&#8221;, Suceava, Roumanie<br \/>\nMircea A. Diaconu, prof. univ. dr., Universit\u00e9 &#8220;Stefan cel Mare&#8221;, Suceava, Roumanie<br \/>\nConstantin Dram, prof. univ. dr., Universit\u00e9 &#8220;Alexandru Ioan Cuza&#8221;, Ia\u0219i, Roumanie<br \/>\nOliviu Felecan, dr. univ. habil. habil., Universit\u00e9 technique de Cluj-Napoca, Roumanie<br \/>\nDorel F\u00ceNARU, prof. univ. dr. habil. habil., Universit\u00e9 &#8220;Stefan cel Mare&#8221;, Suceava, Roumanie<br \/>\nAlexandru Gafton, PhD, Universit\u00e9 &#8220;Alexandru Ioan Cuza&#8221;, Ia\u0219i, Roumanie<br \/>\nOlga Gancevici, PhD, Universit\u00e9 &#8220;Stefan cel Mare&#8221;, Suceava, Roumanie<br \/>\nAngela Gr\u0103dinaru, PhD, Universit\u00e9 d&#8217;\u00c9tat de Moldavie, R\u00e9publique de Moldavie<br \/>\nIon Gu\u021bu, PhD, Universit\u00e9 d&#8217;\u00c9tat de Moldavie, R\u00e9publique de Moldavie<br \/>\nSimona Modreanu, prof. univ. dr., Universit\u00e9 &#8220;Alexandru Ioan Cuza&#8221;, Ia\u0219i, Roumanie<br \/>\nViorica Molea, PhD habil. conf., Universit\u00e9 d&#8217;\u00c9tat de Moldavie, R\u00e9publique de Moldavie<br \/>\nCristinel Munteanu, prof. univ. dr. habil. habil., Universit\u00e9 de Pitesti, Roumanie<br \/>\nDinu Moscal, chercheur scientifique III, Acad\u00e9mie roumaine. Filiala Ia\u0219i, Roumanie<br \/>\nRodica Nagy, dr. univ., Universit\u00e9 &#8220;Stefan cel Mare&#8221;, Suceava, Roumanie<br \/>\nEnrique Nogueras, Universit\u00e9 de Grenade, Espagne<br \/>\nCristinia Paladian, PhD, Universit\u00e9 nationale Yurii Fedkovici, Chernivtsi, Ukraine<br \/>\nDaniela Petro\u0219el, PhD, Universit\u00e9 Stefan cel Mare, Suceava, Roumanie<br \/>\nElena Prus, prof. univ. dr. habil. habil., Universit\u00e9 internationale libre de Moldavie, Chisinau,<br \/>\nR\u00e9publique de Moldavie<br \/>\nMaria \u0218leahti\u021bchi, prof. dr. habil. habil., directrice du Mus\u00e9e national de la litt\u00e9rature &#8220;Mihail<br \/>\nKog\u0103lniceanu&#8221;, R\u00e9publique de Moldavie<br \/>\nMariana \u0218ovea, ma\u00eetre de conf\u00e9rences, Universit\u00e9 &#8220;Stefan cel Mare&#8221;, Suceava, Roumanie<br \/>\nEmma T\u0103m\u00e2ianu-Morita, Prof. PhD, Universit\u00e9 Kindai, Osaka, Japon<br \/>\nLumini\u021ba Elena Turcu, PhD, Universit\u00e9 &#8220;Stefan cel Mare&#8221;, Suceava, Roumanie<br \/>\nLudmila Usat\u00e2i, PhD, Universit\u00e9 d&#8217;\u00c9tat de Moldavie, R\u00e9publique de Moldavie<br \/>\nCristina Varga, PhD, Universit\u00e9 Babe\u0219-Bolyai, Cluj-Napoca, Roumanie<br \/>\nElena Varzari, PhD, Universit\u00e9 d&#8217;\u00c9tat de Moldavie, R\u00e9publique de Moldavie<br \/>\nCornel V\u00eelcu, Docteur, Universit\u00e9 Babe\u0219-Bolyai, Cluj-Napoca, Roumanie<br \/>\nFelicia Vr\u00e2n\u00e2nceanu, PhD, Universit\u00e9 nationale Yurii Fedkovici, Chernivtsi, Ukraine<br \/>\nLudmila Zban\u021b, prof. univ. dr. habil. habil., Universit\u00e9 d&#8217;\u00c9tat de Moldavie, R\u00e9publique de Moldavie<\/p>\n<p><strong>2021<\/strong><br \/>\nLudmila Zban\u021b, Prof., PhD, Universit\u00e9 d&#8217;\u00c9tat de Moldavie, R\u00e9publique de Moldavie &#8211; Pr\u00e9sidence<br \/>\nIgor Sarov, Prof. Dr, Recteur de l&#8217;Universit\u00e9 d&#8217;Etat de Moldavie, R\u00e9publique de Moldavie<br \/>\nAurelia Hanganu, Prof. Dr, PhD, vice-recteur pour l&#8217;activit\u00e9 scientifique, Universit\u00e9 d&#8217;\u00c9tat de Moldavie, R\u00e9publique de Moldavie<br \/>\nValeriu Matei, acad\u00e9micien, directeur de l&#8217;Institut culturel roumain &#8220;Mihai Eminescu&#8221; \u00e0 Chisinau<br \/>\nSanda Maria Ardeleanu, PhD, DHC, Universit\u00e9 &#8220;Stefan cel Mare&#8221;, Suceava, Roumanie<br \/>\nEugenia Bojoga, PhD, Charg\u00e9e de cours, Universit\u00e9 Babe\u0219-Bolyai, Cluj-Napoca, Roumanie<br \/>\nLora Bostan, Prof., PhD, Universit\u00e9 nationale &#8220;Yurii Fedkovici&#8221;, Chernivtsi, Ukraine<br \/>\nTatiana Ciocoi, professeur, docteur, Universit\u00e9 d&#8217;\u00c9tat de Moldavie, R\u00e9publique de Moldavie<br \/>\nIraida Condrea, prof. univ. et dr. hab. Universit\u00e9 d&#8217;\u00c9tat de Moldavie, R\u00e9publique de Moldavie<br \/>\nMircea Diaconu, prof. univ., dr., Universit\u00e9 &#8220;Stefan cel Mare&#8221;, Suceava, Roumanie<br \/>\nRodica-M\u0103rioara Nagy, prof. univ., dr., Universit\u00e9 &#8220;Stefan cel Mare&#8221;, Suceava, Roumanie<br \/>\nSergiu Pavlicenco, prof. univ., dr. hab., Universit\u00e9 d&#8217;\u00c9tat de Moldavie, R\u00e9publique de Moldavie<br \/>\nGheorghe Popa, Prof. Gheorghe Popa, PhD, Universit\u00e9 d&#8217;\u00c9tat &#8220;Alecu Russo&#8221;, Balti, R\u00e9publique de Moldavie<br \/>\nElena Prus, Prof., PhD, Universit\u00e9 internationale libre de Moldavie<br \/>\nTatiana Babin-Rusu, PhD, Universit\u00e9 d&#8217;\u00c9tat de Moldavie, R\u00e9publique de Moldavie<br \/>\nVitalina Bahneanu, PhD, Universit\u00e9 d&#8217;\u00c9tat de Moldavie, R\u00e9publique de Moldavie<br \/>\nIrina Breahn\u0103, docteur en droit, universit\u00e9 d&#8217;\u00c9tat de Moldavie, R\u00e9publique de Moldavie<br \/>\nAdriana Cazacu, docteur en droit, universit\u00e9 d&#8217;\u00c9tat de Moldavie, R\u00e9publique de Moldavie<br \/>\nClaudia Cem\u00e2rtan, docteur en droit, universit\u00e9 d&#8217;\u00c9tat de Moldavie, R\u00e9publique de Moldavie<br \/>\nCornelia Cincilei, docteur en droit, universit\u00e9 d&#8217;\u00c9tat de Moldavie, R\u00e9publique de Moldavie<br \/>\nSvetlana Corcevschi, docteur en droit, universit\u00e9 d&#8217;\u00c9tat de Moldavie, R\u00e9publique de Moldavie<br \/>\nOxana Creang\u0103, docteur en droit, universit\u00e9 d&#8217;\u00c9tat de Moldavie, R\u00e9publique de Moldavie<br \/>\nElena Gheorghi\u021b\u0103, docteur en droit, universit\u00e9 d&#8217;\u00c9tat de Moldavie, R\u00e9publique de Moldavie<br \/>\nAlexandra Gherasim, PhD, Universit\u00e9 d&#8217;\u00c9tat de Moldavie, R\u00e9publique de Moldavie<br \/>\nAngela Gr\u0103dinaru, docteur en droit, universit\u00e9 d&#8217;\u00c9tat de Moldavie, R\u00e9publique de Moldavie<br \/>\nCristina Crossu-Chiriac, docteur en droit, universit\u00e9 d&#8217;\u00c9tat de Moldavie, R\u00e9publique de Moldavie<br \/>\nIon Gu\u021bu, docteur en droit, universit\u00e9 d&#8217;\u00c9tat de Moldavie, R\u00e9publique de Moldavie<br \/>\nNicolae Leahu, docteur en droit, universit\u00e9 d&#8217;\u00c9tat Alecu Russo, Balti, R\u00e9publique de Moldavie<br \/>\nViorica Lifari, docteur en droit, universit\u00e9 d&#8217;\u00c9tat de Moldavie, R\u00e9publique de Moldavie<br \/>\nViorica Molea, docteur en droit, universit\u00e9 d&#8217;\u00c9tat de Moldavie, R\u00e9publique de Moldavie<br \/>\nViorica Molo\u0219niuc, docteur en droit, universit\u00e9 d&#8217;\u00c9tat de Moldavie, R\u00e9publique de Moldavie<br \/>\nCristinia Paladian, PhD, Universit\u00e9 nationale Yurii Fedkovich, Chernivtsi, Ukraine Angela Rosca, PhD, Universit\u00e9 d&#8217;\u00c9tat de Moldavie, R\u00e9publique de Moldavie<br \/>\nGabriela \u0218aganean, PhD, Universit\u00e9 d&#8217;\u00c9tat de Moldavie, R\u00e9publique de Moldavie<br \/>\nMaria \u0218leahti\u021bchi, docteur en droit, directrice du mus\u00e9e national de la litt\u00e9rature &#8220;Mihail Kog\u0103lniceanu&#8221;, R\u00e9publique de Moldavie<br \/>\nEmilia Taraburca, PhD, Universit\u00e9 d&#8217;\u00c9tat de Moldavie, R\u00e9publique de Moldavie<br \/>\nLilia Trinca, PhD, Universit\u00e9 d&#8217;\u00c9tat Alecu Russo, Balti, R\u00e9publique de Moldavie<br \/>\nElena Varzari, PhD, Universit\u00e9 d&#8217;\u00c9tat de Moldavie, R\u00e9publique de Moldavie<br \/>\nDaniela Pascaru, ma\u00eetre de conf\u00e9rences, doctorat, universit\u00e9 d&#8217;\u00c9tat de Moldavie, R\u00e9publique de Moldavie<br \/>\nFelicia Vr\u00e2nceanu, charg\u00e9e de cours, doctorat, Universit\u00e9 nationale Yurii Fedkovici, Chernivtsi, Ukraine<\/p>\n<p><strong>2015<\/strong><br \/>\nSanda-Maria Ardeleanu &#8211; Universit\u00e9 &#8220;Stefan cel Mare&#8221;, Suceava<br \/>\nIulian Boldea &#8211; Universit\u00e9 &#8220;Petru Maior&#8221;, Targu-Mures<br \/>\nLora Bostan &#8211; Universit\u00e9 nationale &#8220;Yurii Fedkovici&#8221;, Chernivtsi, Ukraine<br \/>\nDr Lumini\u021ba C\u0103r\u0103u\u0219u &#8211; &#8220;Al. I. Cuza&#8221;, Ia\u0219i<br \/>\nIrina Condrea &#8211; Universit\u00e9 d&#8217;\u00c9tat, Chisinau, R\u00e9publique de Moldavie<br \/>\nDr Albumi\u021ba-Mugura\u0219 Constantinescu &#8211; Universit\u00e9 &#8220;Stefan cel Mare&#8221;, Suceava<br \/>\nElena Croitoru &#8211; Universit\u00e9 &#8220;Dun\u0103rea de Jos&#8221;, Galati<br \/>\nCodrin-Liviu Cu\u021bitaru &#8211; Universit\u00e9 &#8220;Al. I. Cuza&#8221;, Ia\u0219i<br \/>\nDr Mircea A. Diaconu &#8211; Universit\u00e9 &#8220;Stefan cel Mare&#8221;, Suceava<br \/>\nRodica Dimitriu &#8211; &#8220;Al. I. Cuza&#8221;, Ia\u0219i<br \/>\nAlexandru Gafton &#8211; &#8220;Al. I. Cuza&#8221;, Ia\u0219i<br \/>\nMihaela Gheorghe &#8211; Universit\u00e9 &#8220;Transilvania&#8221;, Brasov<br \/>\nNiculina Iacob &#8211; Universit\u00e9 &#8220;Stefan cel Mare&#8221;, Suceava<br \/>\nDr Gina M\u0103ciuc\u0103 &#8211; Universit\u00e9 &#8220;Stefan cel Mare&#8221;, Suceava<br \/>\nRodica Nagy &#8211; Universit\u00e9 &#8220;Stefan cel Mare&#8221;, Suceava<br \/>\nMichaela Praisler &#8211; Universit\u00e9 &#8220;Dun\u0103rea de Jos&#8221;, Galati<br \/>\nElena Prus &#8211; Universit\u00e9 internationale libre de Moldavie, Chisinau, R\u00e9publique de Moldavie Ala Sainenco &#8211; Universit\u00e9 &#8220;Alecu Russo&#8221;, Balti, R\u00e9publique de Moldavie<br \/>\nDr Vasile Spiridon &#8211; Universit\u00e9 &#8220;Vasile Alecsandri&#8221;, Bac\u0103u<br \/>\nElena-Br\u00e2ndu\u0219a Steiciuc &#8211; Universit\u00e9 &#8220;Stefan cel Mare&#8221;, Suceava<br \/>\nVasile \u021a\u00e2ra &#8211; Universit\u00e9 de l&#8217;Ouest, Timi\u0219oara<br \/>\nLudmila Zban\u021b &#8211; Universit\u00e9 d&#8217;\u00c9tat, Chisinau, R\u00e9publique de Moldavie<br \/>\nDr Mariana Boca &#8211; Universit\u00e9 &#8220;Stefan cel Mare&#8221;, Suceava<br \/>\nAurel Buzincu &#8211; Universit\u00e9 &#8220;Stefan cel Mare&#8221;, Suceava<br \/>\nDr Ionel C. Corjan &#8211; Universit\u00e9 &#8220;Stefan cel Mare&#8221;, Suceava<br \/>\nClaudia Costin &#8211; Universit\u00e9 &#8220;Stefan cel Mare&#8221;, Suceava<br \/>\nDr Sabina F\u00eenaru &#8211; Universit\u00e9 &#8220;Stefan cel Mare&#8221;, Suceava<br \/>\nDr Evelina Mezalina Graur &#8211; Universit\u00e9 &#8220;Stefan cel Mare&#8221;, Suceava<br \/>\nAna Gu\u021bu &#8211; Universit\u00e9 internationale libre de Moldavie, Chisinau, R\u00e9publique de Moldavie<br \/>\nCornelia Macsiniuc &#8211; Universit\u00e9 &#8220;Stefan cel Mare&#8221;, Suceava<br \/>\nOvidiu Morar &#8211; Universit\u00e9 &#8220;Stefan cel Mare&#8221;, Suceava<br \/>\nOlga Oprea-Gancevici &#8211; Universit\u00e9 &#8220;Stefan cel Mare&#8221;, Suceava<br \/>\nMina Maria Rusu &#8211; Minist\u00e8re de l&#8217;\u00e9ducation et de la recherche scientifique<br \/>\nLumini\u021ba-Elena Turcu &#8211; Universit\u00e9 &#8220;Stefan cel Mare&#8221;, Suceava<br \/>\nRaluca-Nicoleta Bala\u021bchi &#8211; Universit\u00e9 &#8220;Stefan cel Mare&#8221;, Suceava<br \/>\nIoana-Crina Coroi &#8211; Universit\u00e9 &#8220;Stefan cel Mare&#8221;, Suceava<br \/>\nCharg\u00e9 de cours PhD Dorel F\u00eenaru &#8211; Universit\u00e9 &#8220;Stefan cel Mare&#8221;, Suceava<br \/>\nNicoleta-Loredana Moro\u0219an &#8211; Universit\u00e9 &#8220;Stefan cel Mare&#8221;, Suceava<br \/>\nDaniela Petro\u0219el &#8211; Universit\u00e9 &#8220;Stefan cel Mare&#8221;, Suceava<br \/>\nC\u0103t\u0103lina P\u00eenzariu &#8211; Universit\u00e9 &#8220;Stefan cel Mare&#8221;, Suceava<br \/>\nCiprian Popa &#8211; Universit\u00e9 &#8220;Stefan cel Mare&#8221;, Suceava<br \/>\nCodru\u021b \u0218erban &#8211; Universit\u00e9 &#8220;Stefan cel Mare&#8221;, Suceava<br \/>\nCharg\u00e9e de cours PhD Oana Ursache &#8211; Universit\u00e9 de Grenade, Espagne<br \/>\nFelicia Vr\u00e2nceanu &#8211; Universit\u00e9 nationale &#8220;Yurii Fedkovici&#8221;, Chernivtsi, Ukraine<\/p>\n","protected":false},"excerpt":{"rendered":"<p>2023 Sanda-Maria Ardeleanu, prof. univ. dr., Universit\u00e9 &#8220;Stefan cel Mare&#8221;, Suceava, Roumanie Cristina Bleor\u021bu, PhD, Universit\u00e9 de Zurich, Suisse Oana Boc, PhD, Universit\u00e9 Babe\u0219-Bolyai, Cluj-Napoca, Roumanie Eugenia Bojoga, PhD, Universit\u00e9 Babe\u0219-Bolyai, Cluj-Napoca, Roumanie Tatiana Ciocoi, PhD habil. prof. habil., Universit\u00e9 d&#8217;\u00c9tat de Moldavie, R\u00e9publique de Moldavie Claudia Costin, dr. univ. habil. habil., Universit\u00e9 &#8220;Stefan cel<\/p>\n","protected":false},"author":52,"featured_media":0,"parent":0,"menu_order":0,"comment_status":"closed","ping_status":"closed","template":"","meta":{"cybocfi_hide_featured_image":"","footnotes":""},"class_list":["post-3217","page","type-page","status-publish","hentry"],"yoast_head":"<!-- This site is optimized with the Yoast SEO plugin v27.5 - https:\/\/yoast.com\/product\/yoast-seo-wordpress\/ -->\n<title>Comit\u00e9 scientifique - Colocviul Interna\u021bional de \u0218tiin\u021be ale Limbajului (CISL) \u201eEugeniu Co\u0219eriu\u201d<\/title>\n<meta name=\"robots\" content=\"index, follow, max-snippet:-1, max-image-preview:large, max-video-preview:-1\" \/>\n<link rel=\"canonical\" href=\"https:\/\/cisl.usv.ro\/?page_id=3217&lang=fr\" \/>\n<meta property=\"og:locale\" content=\"en_US\" \/>\n<meta property=\"og:type\" content=\"article\" \/>\n<meta property=\"og:title\" content=\"Comit\u00e9 scientifique - Colocviul Interna\u021bional de \u0218tiin\u021be ale Limbajului (CISL) \u201eEugeniu Co\u0219eriu\u201d\" \/>\n<meta property=\"og:description\" content=\"2023 Sanda-Maria Ardeleanu, prof. univ. dr., Universit\u00e9 &#8220;Stefan cel Mare&#8221;, Suceava, Roumanie Cristina Bleor\u021bu, PhD, Universit\u00e9 de Zurich, Suisse Oana Boc, PhD, Universit\u00e9 Babe\u0219-Bolyai, Cluj-Napoca, Roumanie Eugenia Bojoga, PhD, Universit\u00e9 Babe\u0219-Bolyai, Cluj-Napoca, Roumanie Tatiana Ciocoi, PhD habil. prof. habil., Universit\u00e9 d&#8217;\u00c9tat de Moldavie, R\u00e9publique de Moldavie Claudia Costin, dr. univ. habil. habil., Universit\u00e9 &#8220;Stefan cel\" \/>\n<meta property=\"og:url\" content=\"https:\/\/cisl.usv.ro\/?page_id=3217&amp;lang=fr\" \/>\n<meta property=\"og:site_name\" content=\"Colocviul Interna\u021bional de \u0218tiin\u021be ale Limbajului (CISL) \u201eEugeniu Co\u0219eriu\u201d\" \/>\n<meta property=\"article:modified_time\" content=\"2024-08-11T07:09:25+00:00\" \/>\n<meta name=\"twitter:card\" content=\"summary_large_image\" \/>\n<meta name=\"twitter:label1\" content=\"Est. reading time\" \/>\n\t<meta name=\"twitter:data1\" content=\"6 minutes\" \/>\n<script type=\"application\/ld+json\" class=\"yoast-schema-graph\">{\"@context\":\"https:\\\/\\\/schema.org\",\"@graph\":[{\"@type\":\"WebPage\",\"@id\":\"https:\\\/\\\/cisl.usv.ro\\\/?page_id=3217&lang=fr\",\"url\":\"https:\\\/\\\/cisl.usv.ro\\\/?page_id=3217&lang=fr\",\"name\":\"Comit\u00e9 scientifique - Colocviul Interna\u021bional de \u0218tiin\u021be ale Limbajului (CISL) \u201eEugeniu Co\u0219eriu\u201d\",\"isPartOf\":{\"@id\":\"https:\\\/\\\/cisl.usv.ro\\\/#website\"},\"datePublished\":\"2024-08-02T08:48:52+00:00\",\"dateModified\":\"2024-08-11T07:09:25+00:00\",\"breadcrumb\":{\"@id\":\"https:\\\/\\\/cisl.usv.ro\\\/?page_id=3217&lang=fr#breadcrumb\"},\"inLanguage\":\"en-US\",\"potentialAction\":[{\"@type\":\"ReadAction\",\"target\":[\"https:\\\/\\\/cisl.usv.ro\\\/?page_id=3217&lang=fr\"]}]},{\"@type\":\"BreadcrumbList\",\"@id\":\"https:\\\/\\\/cisl.usv.ro\\\/?page_id=3217&lang=fr#breadcrumb\",\"itemListElement\":[{\"@type\":\"ListItem\",\"position\":1,\"name\":\"Home\",\"item\":\"https:\\\/\\\/cisl.usv.ro\\\/\"},{\"@type\":\"ListItem\",\"position\":2,\"name\":\"Comit\u00e9 scientifique\"}]},{\"@type\":\"WebSite\",\"@id\":\"https:\\\/\\\/cisl.usv.ro\\\/#website\",\"url\":\"https:\\\/\\\/cisl.usv.ro\\\/\",\"name\":\"Colocviul Interna\u021bional de \u0218tiin\u021be ale Limbajului (CISL) \u201eEugeniu Co\u0219eriu\u201d\",\"description\":\"Colocviul Interna\u021bional de \u0218tiin\u021be ale Limbajului \u201cEugeniu Co\u0219eriu\u201d, cu o tradi\u0163ie de peste 30 de ani, reprezint\u0103 un eveniment academic de referin\u021b\u0103 \u00een urm\u0103toarele domenii: semiotic\u0103, lingvistic\u0103, literatur\u0103, \u015ftiin\u0163e umaniste, filosofia limbii, didactic\u0103.\",\"potentialAction\":[{\"@type\":\"SearchAction\",\"target\":{\"@type\":\"EntryPoint\",\"urlTemplate\":\"https:\\\/\\\/cisl.usv.ro\\\/?s={search_term_string}\"},\"query-input\":{\"@type\":\"PropertyValueSpecification\",\"valueRequired\":true,\"valueName\":\"search_term_string\"}}],\"inLanguage\":\"en-US\"}]}<\/script>\n<!-- \/ Yoast SEO plugin. -->","yoast_head_json":{"title":"Comit\u00e9 scientifique - Colocviul Interna\u021bional de \u0218tiin\u021be ale Limbajului (CISL) \u201eEugeniu Co\u0219eriu\u201d","robots":{"index":"index","follow":"follow","max-snippet":"max-snippet:-1","max-image-preview":"max-image-preview:large","max-video-preview":"max-video-preview:-1"},"canonical":"https:\/\/cisl.usv.ro\/?page_id=3217&lang=fr","og_locale":"en_US","og_type":"article","og_title":"Comit\u00e9 scientifique - Colocviul Interna\u021bional de \u0218tiin\u021be ale Limbajului (CISL) \u201eEugeniu Co\u0219eriu\u201d","og_description":"2023 Sanda-Maria Ardeleanu, prof. univ. dr., Universit\u00e9 &#8220;Stefan cel Mare&#8221;, Suceava, Roumanie Cristina Bleor\u021bu, PhD, Universit\u00e9 de Zurich, Suisse Oana Boc, PhD, Universit\u00e9 Babe\u0219-Bolyai, Cluj-Napoca, Roumanie Eugenia Bojoga, PhD, Universit\u00e9 Babe\u0219-Bolyai, Cluj-Napoca, Roumanie Tatiana Ciocoi, PhD habil. prof. habil., Universit\u00e9 d&#8217;\u00c9tat de Moldavie, R\u00e9publique de Moldavie Claudia Costin, dr. univ. habil. habil., Universit\u00e9 &#8220;Stefan cel","og_url":"https:\/\/cisl.usv.ro\/?page_id=3217&lang=fr","og_site_name":"Colocviul Interna\u021bional de \u0218tiin\u021be ale Limbajului (CISL) \u201eEugeniu Co\u0219eriu\u201d","article_modified_time":"2024-08-11T07:09:25+00:00","twitter_card":"summary_large_image","twitter_misc":{"Est. reading time":"6 minutes"},"schema":{"@context":"https:\/\/schema.org","@graph":[{"@type":"WebPage","@id":"https:\/\/cisl.usv.ro\/?page_id=3217&lang=fr","url":"https:\/\/cisl.usv.ro\/?page_id=3217&lang=fr","name":"Comit\u00e9 scientifique - Colocviul Interna\u021bional de \u0218tiin\u021be ale Limbajului (CISL) \u201eEugeniu Co\u0219eriu\u201d","isPartOf":{"@id":"https:\/\/cisl.usv.ro\/#website"},"datePublished":"2024-08-02T08:48:52+00:00","dateModified":"2024-08-11T07:09:25+00:00","breadcrumb":{"@id":"https:\/\/cisl.usv.ro\/?page_id=3217&lang=fr#breadcrumb"},"inLanguage":"en-US","potentialAction":[{"@type":"ReadAction","target":["https:\/\/cisl.usv.ro\/?page_id=3217&lang=fr"]}]},{"@type":"BreadcrumbList","@id":"https:\/\/cisl.usv.ro\/?page_id=3217&lang=fr#breadcrumb","itemListElement":[{"@type":"ListItem","position":1,"name":"Home","item":"https:\/\/cisl.usv.ro\/"},{"@type":"ListItem","position":2,"name":"Comit\u00e9 scientifique"}]},{"@type":"WebSite","@id":"https:\/\/cisl.usv.ro\/#website","url":"https:\/\/cisl.usv.ro\/","name":"Colocviul Interna\u021bional de \u0218tiin\u021be ale Limbajului (CISL) \u201eEugeniu Co\u0219eriu\u201d","description":"Colocviul Interna\u021bional de \u0218tiin\u021be ale Limbajului \u201cEugeniu Co\u0219eriu\u201d, cu o tradi\u0163ie de peste 30 de ani, reprezint\u0103 un eveniment academic de referin\u021b\u0103 \u00een urm\u0103toarele domenii: semiotic\u0103, lingvistic\u0103, literatur\u0103, \u015ftiin\u0163e umaniste, filosofia limbii, didactic\u0103.","potentialAction":[{"@type":"SearchAction","target":{"@type":"EntryPoint","urlTemplate":"https:\/\/cisl.usv.ro\/?s={search_term_string}"},"query-input":{"@type":"PropertyValueSpecification","valueRequired":true,"valueName":"search_term_string"}}],"inLanguage":"en-US"}]}},"_links":{"self":[{"href":"https:\/\/cisl.usv.ro\/index.php?rest_route=\/wp\/v2\/pages\/3217","targetHints":{"allow":["GET"]}}],"collection":[{"href":"https:\/\/cisl.usv.ro\/index.php?rest_route=\/wp\/v2\/pages"}],"about":[{"href":"https:\/\/cisl.usv.ro\/index.php?rest_route=\/wp\/v2\/types\/page"}],"author":[{"embeddable":true,"href":"https:\/\/cisl.usv.ro\/index.php?rest_route=\/wp\/v2\/users\/52"}],"replies":[{"embeddable":true,"href":"https:\/\/cisl.usv.ro\/index.php?rest_route=%2Fwp%2Fv2%2Fcomments&post=3217"}],"version-history":[{"count":0,"href":"https:\/\/cisl.usv.ro\/index.php?rest_route=\/wp\/v2\/pages\/3217\/revisions"}],"wp:attachment":[{"href":"https:\/\/cisl.usv.ro\/index.php?rest_route=%2Fwp%2Fv2%2Fmedia&parent=3217"}],"curies":[{"name":"wp","href":"https:\/\/api.w.org\/{rel}","templated":true}]}}