{"id":3212,"date":"2024-08-02T11:46:48","date_gmt":"2024-08-02T08:46:48","guid":{"rendered":"https:\/\/cisl.usv.ro\/?page_id=3212"},"modified":"2024-08-11T10:10:37","modified_gmt":"2024-08-11T07:10:37","slug":"comite-cientifico","status":"publish","type":"page","link":"https:\/\/cisl.usv.ro\/?page_id=3212&lang=es","title":{"rendered":"Comit\u00e9 cient\u00edfico"},"content":{"rendered":"<p><strong>2023<\/strong><br \/>\n<br \/>2023<\/br><\/p>\n<p>Sanda-Maria Ardeleanu, prof. univ. dr., Universidad &#8220;Stefan cel Mare&#8221;, Suceava, Ruman\u00eda<br \/>\nCristina Bleor\u021bu, doctora, Universidad de Zurich, Suiza<br \/>\nOana Boc, doctora, Universidad Babe\u0219-Bolyai, Cluj-Napoca, Ruman\u00eda<br \/>\nEugenia Bojoga, doctora, Universidad Babe\u0219-Bolyai, Cluj-Napoca, Ruman\u00eda<br \/>\nTatiana Ciocoi, doctora habil. prof. habil., Universidad Estatal de Moldavia, Rep\u00fablica de Moldavia<br \/>\nClaudia Costin, prof. univ. dr. habil. habil., Universidad &#8220;Stefan cel Mare&#8221;, Suceava, Ruman\u00eda<br \/>\nMarius Cucu, profesor, Universidad &#8220;Stefan cel Mare&#8221;, Suceava, Ruman\u00eda<br \/>\nMircea A. Diaconu, prof. univ. dr., Universidad &#8220;Stefan cel Mare&#8221;, Suceava, Ruman\u00eda<br \/>\nConstantin Dram, prof. univ. dr., Universidad &#8220;Alexandru Ioan Cuza&#8221;, Ia\u0219i, Ruman\u00eda<br \/>\nOliviu Felecan, prof. univ. dr. habil., Universidad T\u00e9cnica de Cluj-Napoca, Ruman\u00eda<br \/>\nDorel F\u00eenaru, prof. univ. dr. habil. habil., Universidad &#8220;Stefan cel Mare&#8221;, Suceava, Ruman\u00eda<br \/>\nAlexandru GAFTON, doctor, Universidad &#8220;Alexandru Ioan Cuza&#8221;, Ia\u0219i, Ruman\u00eda<br \/>\nOlga Gancevici, doctora, Universidad &#8220;Stefan cel Mare&#8221;, Suceava, Ruman\u00eda<br \/>\nAngela Gr\u0103dinaru, doctora, Universidad Estatal de Moldavia, Rep\u00fablica de Moldavia<br \/>\nIon Gu\u021bu, doctor, Universidad Estatal de Moldavia, Rep\u00fablica de Moldavia<br \/>\nSimona Modreanu, prof. univ. dr., Universidad &#8220;Alexandru Ioan Cuza&#8221;, Ia\u0219i, Ruman\u00eda<br \/>\nViorica Molea, doctora habil. conf., Universidad Estatal de Moldavia, Rep\u00fablica de Moldavia<br \/>\nCristinel Munteanu, prof. univ. dr. habil. habil., Universidad de Pitesti, Ruman\u00eda<br \/>\nDinu Moscal, investigador cient\u00edfico III, Academia Rumana. Filiala Ia\u0219i, Ruman\u00eda<br \/>\nRodica Nagy, prof. univ. dr., Universidad &#8220;Stefan cel Mare&#8221;, Suceava, Ruman\u00eda<br \/>\nProf. Enrique Nogueras, Universidad de Granada, Espa\u00f1a<br \/>\nCristinia Paladian, doctora, Universidad Nacional Yurii Fedkovici, Chernivtsi, Ucrania<br \/>\nDaniela Petro\u0219el, doctora, Universidad Stefan cel Mare, Suceava, Ruman\u00eda<br \/>\nElena Prus, prof. univ. dr. habil., Universidad Libre Internacional de Moldavia, Chisinau,<br \/>\nRep\u00fablica de Moldavia<br \/>\nMaria \u0218leahti\u021bchi, prof. dr. habil. habil., Directora del Museo Nacional de Literatura &#8220;Mihail<br \/>\nKog\u0103lniceanu&#8221;, Rep\u00fablica de Moldavia<br \/>\nMariana \u0218ovea, doctora, Universidad &#8220;Stefan cel Mare&#8221;, Suceava, Ruman\u00eda<br \/>\nEmma T\u0103m\u00e2ianu-Morita, Prof. Dr., Universidad Kindai, Osaka, Jap\u00f3n<br \/>\nLumini\u021ba Elena Turcu, Doctora, Universidad &#8220;Stefan cel Mare&#8221;, Suceava, Ruman\u00eda<br \/>\nLudmila Usat\u00e2i, doctora, Universidad Estatal de Moldavia, Rep\u00fablica de Moldavia<br \/>\nCristina Varga, doctora, Universidad Babe\u0219-Bolyai, Cluj-Napoca, Ruman\u00eda<br \/>\nElena Varzari, doctora, Universidad Estatal de Moldavia, Rep\u00fablica de Moldavia<br \/>\nCornel V\u00eelcu, doctor, Universidad Babe\u0219-Bolyai, Cluj-Napoca, Ruman\u00eda<br \/>\nFelicia Vr\u00e2nceanu, doctora, Universidad Nacional Yurii Fedkovici, Chernivtsi, Ucrania<br \/>\nLudmila Zban\u021b, prof. univ. dr. habil., Universidad Estatal de Moldavia, Rep\u00fablica de Moldavia<\/p>\n<p><strong>2021<\/strong><br \/>\nLudmila Zban\u021b, prof. prof., dr. hab., Universidad Estatal de Moldavia, Rep\u00fablica de Moldavia &#8211; C\u00e1tedra<br \/>\nIgor Sarov, Prof. Dr., Rector de la Universidad Estatal de Moldavia, Rep\u00fablica de Moldavia<br \/>\nAurelia Hanganu, Prof. Dr, PhD, Vicerrectora de Actividad Cient\u00edfica, Universidad Estatal de Moldavia, Rep\u00fablica de Moldavia<br \/>\nValeriu Matei, Acad\u00e9mico, Director del Instituto Cultural Rumano &#8220;Mihai Eminescu&#8221; de Chisinau<br \/>\nSanda Maria Ardeleanu, Doctora, DHC, Universidad &#8220;Stefan cel Mare&#8221;, Suceava, Ruman\u00eda<br \/>\nEugenia Bojoga, doctora, profesora, Universidad Babe\u0219-Bolyai, Cluj-Napoca, Ruman\u00eda<br \/>\nLora Bostan, profesora, doctora, Universidad Nacional &#8220;Yurii Fedkovici&#8221;, Chernivtsi, Ucrania<br \/>\nTatiana Ciocoi, prof. prof., PhD, Universidad Estatal de Moldavia, Rep\u00fablica de Moldavia<br \/>\nIraida Condrea, prof. univ., dr. hab. Universidad Estatal de Moldavia, Rep\u00fablica de Moldavia<br \/>\nMircea Diaconu, prof. univ., dr., Universidad &#8220;Stefan cel Mare&#8221;, Suceava, Ruman\u00eda<br \/>\nRodica-M\u0103rioara Nagy, prof. univ., doctora, Universidad &#8220;Stefan cel Mare&#8221;, Suceava, Ruman\u00eda<br \/>\nSergiu Pavlicenco, prof. univ., dr. hab., Universidad Estatal de Moldavia, Rep\u00fablica de Moldavia<br \/>\nGheorghe Popa, Prof. Gheorghe Popa, PhD, Universidad Estatal &#8220;Alecu Russo&#8221;, Balti, Rep\u00fablica de Moldavia<br \/>\nElena Prus, Prof., PhD, Universidad Internacional Libre de Moldavia<br \/>\nTatiana Babin-Rusu, doctora, Universidad Estatal de Moldavia, Rep\u00fablica de Moldavia<br \/>\nVitalina Bahneanu, PhD, Universidad Estatal de Moldavia, Rep\u00fablica de Moldavia<br \/>\nIrina Breahn\u0103, PhD, Universidad Estatal de Moldavia, Rep\u00fablica de Moldavia<br \/>\nAdriana Cazacu, PhD, Universidad Estatal de Moldavia, Rep\u00fablica de Moldavia<br \/>\nClaudia Cem\u00e2rtan, PhD, Universidad Estatal de Moldavia, Rep\u00fablica de Moldavia<br \/>\nCornelia Cincilei, PhD, Universidad Estatal de Moldavia, Rep\u00fablica de Moldavia<br \/>\nSvetlana Corcevschi, PhD, Universidad Estatal de Moldavia, Rep\u00fablica de Moldavia<br \/>\nOxana Creang\u0103, PhD, Universidad Estatal de Moldavia, Rep\u00fablica de Moldavia<br \/>\nElena Gheorghi\u021b\u0103, PhD, Universidad Estatal de Moldavia, Rep\u00fablica de Moldavia<br \/>\nAlexandra Gherasim, PhD, Universidad Estatal de Moldavia, Rep\u00fablica de Moldavia<br \/>\nAngela Gr\u0103dinaru, PhD, Universidad Estatal de Moldavia, Rep\u00fablica de Moldavia<br \/>\nCristina Crossu-Chiriac, PhD, Universidad Estatal de Moldavia, Rep\u00fablica de Moldavia<br \/>\nIon Gu\u021bu, PhD, Universidad Estatal de Moldavia, Rep\u00fablica de Moldavia<br \/>\nNicolae Leahu, PhD, Universidad Estatal Alecu Russo, Balti, Rep\u00fablica de Moldavia<br \/>\nViorica Lifari, PhD, Universidad Estatal de Moldavia, Rep\u00fablica de Moldavia<br \/>\nViorica Molea, PhD, Universidad Estatal de Moldavia, Rep\u00fablica de Moldavia<br \/>\nViorica Molo\u0219niuc, doctora, Universidad Estatal de Moldavia, Rep\u00fablica de Moldavia<br \/>\nCristinia Paladian, PhD, Universidad Nacional Yurii Fedkovich, Chernivtsi, Ucrania Angela Rosca, PhD, Universidad Estatal de Moldavia, Rep\u00fablica de Moldavia<br \/>\nGabriela \u0218aganean, PhD, Universidad Estatal de Moldavia, Rep\u00fablica de Moldavia<br \/>\nMaria \u0218leahti\u021bchi, PhD, Directora del Museo Nacional de Literatura &#8220;Mihail Kog\u0103lniceanu&#8221;, Rep\u00fablica de Moldavia<br \/>\nEmilia Taraburca, PhD, Universidad Estatal de Moldavia, Rep\u00fablica de Moldavia<br \/>\nLilia Trinca, doctora, Universidad Estatal Alecu Russo, Balti, Rep\u00fablica de Moldavia<br \/>\nElena Varzari, doctora, Universidad Estatal de Moldavia, Rep\u00fablica de Moldavia<br \/>\nDaniela Pascaru, profesora, doctora, Universidad Estatal de Moldavia, Rep\u00fablica de Moldavia<br \/>\nFelicia Vr\u00e2nceanu, profesora, doctora, Universidad Nacional Yurii Fedkovici, Chernivtsi, Ucrania<\/p>\n<p><strong>2015<\/strong><br \/>\nProf. Dra. Sanda-Maria Ardeleanu &#8211; Universidad &#8220;Stefan cel Mare&#8221;, Suceava<br \/>\nProf. Dr. Iulian Boldea &#8211; Universidad &#8220;Petru Maior&#8221;, Targu-Mures<br \/>\nProf. Dra. Lora Bostan &#8211; Universidad Nacional &#8220;Yurii Fedkovici&#8221;, Chernivtsi, Ucrania<br \/>\nProf. Dr. Lumini\u021ba C\u0103r\u0103u\u0219u &#8211; &#8220;Al. I. Cuza&#8221;, Ia\u0219i<br \/>\nProf. Irina Condrea &#8211; Universidad Estatal de Chisinau, Rep\u00fablica de Moldavia<br \/>\nProf. Dr. Albumi\u021ba-Mugura\u0219 Constantinescu &#8211; Universidad &#8220;Stefan cel Mare&#8221;, Suceava<br \/>\nProf. Dra. Elena Croitoru &#8211; Universidad &#8220;Dun\u0103rea de Jos&#8221;, Galati<br \/>\nProf. Dr. Codrin-Liviu Cu\u021bitaru &#8211; &#8220;Al. I. Cuza&#8221;, Ia\u0219i<br \/>\nProf. Dr Mircea A. Diaconu &#8211; Universidad &#8220;Stefan cel Mare&#8221;, Suceava<br \/>\nProf. Dra. Rodica Dimitriu &#8211; &#8220;Al. I. Cuza&#8221;, Ia\u0219i<br \/>\nProf. Alexandru Gafton &#8211; &#8220;Al. I. Cuza&#8221;, Ia\u0219i<br \/>\nProf. Dra. Mihaela Gheorghe &#8211; Universidad &#8220;Transilvania&#8221;, Brasov<br \/>\nProf. Dra. Niculina Iacob &#8211; Universidad &#8220;Stefan cel Mare&#8221;, Suceava<br \/>\nProf. Dra. Gina M\u0103ciuc\u0103 &#8211; Universidad &#8220;Stefan cel Mare&#8221;, Suceava<br \/>\nProf. Dra. Rodica Nagy &#8211; Universidad &#8220;Stefan cel Mare&#8221;, Suceava<br \/>\nMichaela Praisler &#8211; Universidad &#8220;Dun\u0103rea de Jos&#8221;, Galati<br \/>\nProf. Dra. Elena Prus &#8211; Universidad Internacional Libre de Moldavia, Chisinau, Rep\u00fablica de Moldavia Prof. Dr. Ala Sainenco &#8211; Universidad &#8220;Alecu Russo&#8221;, Balti, Rep\u00fablica de Moldavia<br \/>\nProf. Dr. Vasile Spiridon &#8211; Universidad &#8220;Vasile Alecsandri&#8221;, Bac\u0103u<br \/>\nProf. Dra. Elena-Br\u00e2ndu\u0219a Steiciuc &#8211; Universidad &#8220;Stefan cel Mare&#8221;, Suceava<br \/>\nProf. Vasile \u021a\u00e2ra &#8211; Universidad del Oeste, Timi\u0219oara<br \/>\nProf. dr. habil. Ludmila Zban\u021b &#8211; Universidad Estatal, Chisinau, Rep\u00fablica de Moldavia<br \/>\nProf. Dra. Mariana Boca &#8211; Universidad &#8220;Stefan cel Mare&#8221;, Suceava<br \/>\nProf. Dr. Aurel Buzincu &#8211; Universidad &#8220;Stefan cel Mare&#8221;, Suceava<br \/>\nProf. Dr. Ionel C. Corjan &#8211; Universidad &#8220;Stefan cel Mare&#8221;, Suceava<br \/>\nProf. Dra. Claudia Costin &#8211; Universidad &#8220;Stefan cel Mare&#8221;, Suceava<br \/>\nDra. Sabina F\u00eenaru &#8211; Universidad &#8220;Stefan cel Mare&#8221;, Suceava<br \/>\nProf. Dra. Evelina Mezalina Graur &#8211; Universidad &#8220;Stefan cel Mare&#8221;, Suceava<br \/>\nProf. Dra. Ana Gu\u021bu &#8211; Universidad Libre Internacional de Moldavia, Chisinau, Rep\u00fablica de Moldavia<br \/>\nProf. Dra. Cornelia Macsiniuc &#8211; Universidad &#8220;Stefan cel Mare&#8221;, Suceava<br \/>\nProf. Dr. Ovidiu Morar &#8211; Universidad &#8220;Stefan cel Mare&#8221;, Suceava<br \/>\nProf. Dra. Olga Oprea-Gancevici &#8211; Universidad &#8220;Stefan cel Mare&#8221;, Suceava<br \/>\nProf. Dra. Mina Maria Rusu &#8211; Ministerio de Educaci\u00f3n e Investigaci\u00f3n Cient\u00edfica<br \/>\nProf. Dra. Lumini\u021ba-Elena Turcu &#8211; Universidad &#8220;Stefan cel Mare&#8221;, Suceava<br \/>\nProf. univ. dr. Raluca-Nicoleta Bala\u021bchi &#8211; Universidad &#8220;Stefan cel Mare&#8221;, Suceava<br \/>\nLect. univ. dr. Ioana-Crina Coroi &#8211; Universidad &#8220;Stefan cel Mare&#8221;, Suceava<br \/>\nLecturer PhD Dorel F\u00eenaru &#8211; Universidad &#8220;Stefan cel Mare&#8221;, Suceava<br \/>\nLect. univ. dr. Nicoleta-Loredana Moro\u0219an &#8211; Universidad &#8220;Stefan cel Mare&#8221;, Suceava<br \/>\nLect. univ. dr. Daniela Petro\u0219el &#8211; Universidad &#8220;Stefan cel Mare&#8221;, Suceava<br \/>\nLect. univ. dr. C\u0103t\u0103lina P\u00eenzariu &#8211; Universidad &#8220;Stefan cel Mare&#8221;, Suceava<br \/>\nLect. univ. dr. Ciprian Popa &#8211; Universidad &#8220;Stefan cel Mare&#8221;, Suceava<br \/>\nLect. univ. dr. Codru\u021b \u0218erban &#8211; Universidad &#8220;Stefan cel Mare&#8221;, Suceava<br \/>\nLecturer PhD Oana Ursache &#8211; Universidad de Granada, Espa\u00f1a<br \/>\nFelicia Vr\u00e2nceanu &#8211; Universidad Nacional &#8220;Yurii Fedkovici&#8221;, Chernivtsi, Ucrania<\/p>\n","protected":false},"excerpt":{"rendered":"<p>2023 2023 Sanda-Maria Ardeleanu, prof. univ. dr., Universidad &#8220;Stefan cel Mare&#8221;, Suceava, Ruman\u00eda Cristina Bleor\u021bu, doctora, Universidad de Zurich, Suiza Oana Boc, doctora, Universidad Babe\u0219-Bolyai, Cluj-Napoca, Ruman\u00eda Eugenia Bojoga, doctora, Universidad Babe\u0219-Bolyai, Cluj-Napoca, Ruman\u00eda Tatiana Ciocoi, doctora habil. prof. habil., Universidad Estatal de Moldavia, Rep\u00fablica de Moldavia Claudia Costin, prof. univ. dr. habil. habil., Universidad<\/p>\n","protected":false},"author":52,"featured_media":0,"parent":0,"menu_order":0,"comment_status":"closed","ping_status":"closed","template":"","meta":{"cybocfi_hide_featured_image":"","footnotes":""},"class_list":["post-3212","page","type-page","status-publish","hentry"],"yoast_head":"<!-- This site is optimized with the Yoast SEO plugin v27.5 - https:\/\/yoast.com\/product\/yoast-seo-wordpress\/ -->\n<title>Comit\u00e9 cient\u00edfico - Colocviul Interna\u021bional de \u0218tiin\u021be ale Limbajului (CISL) \u201eEugeniu Co\u0219eriu\u201d<\/title>\n<meta name=\"robots\" content=\"index, follow, max-snippet:-1, max-image-preview:large, max-video-preview:-1\" \/>\n<link rel=\"canonical\" href=\"https:\/\/cisl.usv.ro\/?page_id=3212&lang=es\" \/>\n<meta property=\"og:locale\" content=\"en_US\" \/>\n<meta property=\"og:type\" content=\"article\" \/>\n<meta property=\"og:title\" content=\"Comit\u00e9 cient\u00edfico - Colocviul Interna\u021bional de \u0218tiin\u021be ale Limbajului (CISL) \u201eEugeniu Co\u0219eriu\u201d\" \/>\n<meta property=\"og:description\" content=\"2023 2023 Sanda-Maria Ardeleanu, prof. univ. dr., Universidad &#8220;Stefan cel Mare&#8221;, Suceava, Ruman\u00eda Cristina Bleor\u021bu, doctora, Universidad de Zurich, Suiza Oana Boc, doctora, Universidad Babe\u0219-Bolyai, Cluj-Napoca, Ruman\u00eda Eugenia Bojoga, doctora, Universidad Babe\u0219-Bolyai, Cluj-Napoca, Ruman\u00eda Tatiana Ciocoi, doctora habil. prof. habil., Universidad Estatal de Moldavia, Rep\u00fablica de Moldavia Claudia Costin, prof. univ. dr. habil. habil., Universidad\" \/>\n<meta property=\"og:url\" content=\"https:\/\/cisl.usv.ro\/?page_id=3212&amp;lang=es\" \/>\n<meta property=\"og:site_name\" content=\"Colocviul Interna\u021bional de \u0218tiin\u021be ale Limbajului (CISL) \u201eEugeniu Co\u0219eriu\u201d\" \/>\n<meta property=\"article:modified_time\" content=\"2024-08-11T07:10:37+00:00\" \/>\n<meta name=\"twitter:card\" content=\"summary_large_image\" \/>\n<meta name=\"twitter:label1\" content=\"Est. reading time\" \/>\n\t<meta name=\"twitter:data1\" content=\"6 minutes\" \/>\n<script type=\"application\/ld+json\" class=\"yoast-schema-graph\">{\"@context\":\"https:\\\/\\\/schema.org\",\"@graph\":[{\"@type\":\"WebPage\",\"@id\":\"https:\\\/\\\/cisl.usv.ro\\\/?page_id=3212&lang=es\",\"url\":\"https:\\\/\\\/cisl.usv.ro\\\/?page_id=3212&lang=es\",\"name\":\"Comit\u00e9 cient\u00edfico - Colocviul Interna\u021bional de \u0218tiin\u021be ale Limbajului (CISL) \u201eEugeniu Co\u0219eriu\u201d\",\"isPartOf\":{\"@id\":\"https:\\\/\\\/cisl.usv.ro\\\/#website\"},\"datePublished\":\"2024-08-02T08:46:48+00:00\",\"dateModified\":\"2024-08-11T07:10:37+00:00\",\"breadcrumb\":{\"@id\":\"https:\\\/\\\/cisl.usv.ro\\\/?page_id=3212&lang=es#breadcrumb\"},\"inLanguage\":\"en-US\",\"potentialAction\":[{\"@type\":\"ReadAction\",\"target\":[\"https:\\\/\\\/cisl.usv.ro\\\/?page_id=3212&lang=es\"]}]},{\"@type\":\"BreadcrumbList\",\"@id\":\"https:\\\/\\\/cisl.usv.ro\\\/?page_id=3212&lang=es#breadcrumb\",\"itemListElement\":[{\"@type\":\"ListItem\",\"position\":1,\"name\":\"Home\",\"item\":\"https:\\\/\\\/cisl.usv.ro\\\/\"},{\"@type\":\"ListItem\",\"position\":2,\"name\":\"Comit\u00e9 cient\u00edfico\"}]},{\"@type\":\"WebSite\",\"@id\":\"https:\\\/\\\/cisl.usv.ro\\\/#website\",\"url\":\"https:\\\/\\\/cisl.usv.ro\\\/\",\"name\":\"Colocviul Interna\u021bional de \u0218tiin\u021be ale Limbajului (CISL) \u201eEugeniu Co\u0219eriu\u201d\",\"description\":\"Colocviul Interna\u021bional de \u0218tiin\u021be ale Limbajului \u201cEugeniu Co\u0219eriu\u201d, cu o tradi\u0163ie de peste 30 de ani, reprezint\u0103 un eveniment academic de referin\u021b\u0103 \u00een urm\u0103toarele domenii: semiotic\u0103, lingvistic\u0103, literatur\u0103, \u015ftiin\u0163e umaniste, filosofia limbii, didactic\u0103.\",\"potentialAction\":[{\"@type\":\"SearchAction\",\"target\":{\"@type\":\"EntryPoint\",\"urlTemplate\":\"https:\\\/\\\/cisl.usv.ro\\\/?s={search_term_string}\"},\"query-input\":{\"@type\":\"PropertyValueSpecification\",\"valueRequired\":true,\"valueName\":\"search_term_string\"}}],\"inLanguage\":\"en-US\"}]}<\/script>\n<!-- \/ Yoast SEO plugin. -->","yoast_head_json":{"title":"Comit\u00e9 cient\u00edfico - Colocviul Interna\u021bional de \u0218tiin\u021be ale Limbajului (CISL) \u201eEugeniu Co\u0219eriu\u201d","robots":{"index":"index","follow":"follow","max-snippet":"max-snippet:-1","max-image-preview":"max-image-preview:large","max-video-preview":"max-video-preview:-1"},"canonical":"https:\/\/cisl.usv.ro\/?page_id=3212&lang=es","og_locale":"en_US","og_type":"article","og_title":"Comit\u00e9 cient\u00edfico - Colocviul Interna\u021bional de \u0218tiin\u021be ale Limbajului (CISL) \u201eEugeniu Co\u0219eriu\u201d","og_description":"2023 2023 Sanda-Maria Ardeleanu, prof. univ. dr., Universidad &#8220;Stefan cel Mare&#8221;, Suceava, Ruman\u00eda Cristina Bleor\u021bu, doctora, Universidad de Zurich, Suiza Oana Boc, doctora, Universidad Babe\u0219-Bolyai, Cluj-Napoca, Ruman\u00eda Eugenia Bojoga, doctora, Universidad Babe\u0219-Bolyai, Cluj-Napoca, Ruman\u00eda Tatiana Ciocoi, doctora habil. prof. habil., Universidad Estatal de Moldavia, Rep\u00fablica de Moldavia Claudia Costin, prof. univ. dr. habil. habil., Universidad","og_url":"https:\/\/cisl.usv.ro\/?page_id=3212&lang=es","og_site_name":"Colocviul Interna\u021bional de \u0218tiin\u021be ale Limbajului (CISL) \u201eEugeniu Co\u0219eriu\u201d","article_modified_time":"2024-08-11T07:10:37+00:00","twitter_card":"summary_large_image","twitter_misc":{"Est. reading time":"6 minutes"},"schema":{"@context":"https:\/\/schema.org","@graph":[{"@type":"WebPage","@id":"https:\/\/cisl.usv.ro\/?page_id=3212&lang=es","url":"https:\/\/cisl.usv.ro\/?page_id=3212&lang=es","name":"Comit\u00e9 cient\u00edfico - Colocviul Interna\u021bional de \u0218tiin\u021be ale Limbajului (CISL) \u201eEugeniu Co\u0219eriu\u201d","isPartOf":{"@id":"https:\/\/cisl.usv.ro\/#website"},"datePublished":"2024-08-02T08:46:48+00:00","dateModified":"2024-08-11T07:10:37+00:00","breadcrumb":{"@id":"https:\/\/cisl.usv.ro\/?page_id=3212&lang=es#breadcrumb"},"inLanguage":"en-US","potentialAction":[{"@type":"ReadAction","target":["https:\/\/cisl.usv.ro\/?page_id=3212&lang=es"]}]},{"@type":"BreadcrumbList","@id":"https:\/\/cisl.usv.ro\/?page_id=3212&lang=es#breadcrumb","itemListElement":[{"@type":"ListItem","position":1,"name":"Home","item":"https:\/\/cisl.usv.ro\/"},{"@type":"ListItem","position":2,"name":"Comit\u00e9 cient\u00edfico"}]},{"@type":"WebSite","@id":"https:\/\/cisl.usv.ro\/#website","url":"https:\/\/cisl.usv.ro\/","name":"Colocviul Interna\u021bional de \u0218tiin\u021be ale Limbajului (CISL) \u201eEugeniu Co\u0219eriu\u201d","description":"Colocviul Interna\u021bional de \u0218tiin\u021be ale Limbajului \u201cEugeniu Co\u0219eriu\u201d, cu o tradi\u0163ie de peste 30 de ani, reprezint\u0103 un eveniment academic de referin\u021b\u0103 \u00een urm\u0103toarele domenii: semiotic\u0103, lingvistic\u0103, literatur\u0103, \u015ftiin\u0163e umaniste, filosofia limbii, didactic\u0103.","potentialAction":[{"@type":"SearchAction","target":{"@type":"EntryPoint","urlTemplate":"https:\/\/cisl.usv.ro\/?s={search_term_string}"},"query-input":{"@type":"PropertyValueSpecification","valueRequired":true,"valueName":"search_term_string"}}],"inLanguage":"en-US"}]}},"_links":{"self":[{"href":"https:\/\/cisl.usv.ro\/index.php?rest_route=\/wp\/v2\/pages\/3212","targetHints":{"allow":["GET"]}}],"collection":[{"href":"https:\/\/cisl.usv.ro\/index.php?rest_route=\/wp\/v2\/pages"}],"about":[{"href":"https:\/\/cisl.usv.ro\/index.php?rest_route=\/wp\/v2\/types\/page"}],"author":[{"embeddable":true,"href":"https:\/\/cisl.usv.ro\/index.php?rest_route=\/wp\/v2\/users\/52"}],"replies":[{"embeddable":true,"href":"https:\/\/cisl.usv.ro\/index.php?rest_route=%2Fwp%2Fv2%2Fcomments&post=3212"}],"version-history":[{"count":0,"href":"https:\/\/cisl.usv.ro\/index.php?rest_route=\/wp\/v2\/pages\/3212\/revisions"}],"wp:attachment":[{"href":"https:\/\/cisl.usv.ro\/index.php?rest_route=%2Fwp%2Fv2%2Fmedia&parent=3212"}],"curies":[{"name":"wp","href":"https:\/\/api.w.org\/{rel}","templated":true}]}}