{"id":3185,"date":"2024-08-02T11:10:26","date_gmt":"2024-08-02T08:10:26","guid":{"rendered":"https:\/\/cisl.usv.ro\/?page_id=3185"},"modified":"2024-08-10T17:23:42","modified_gmt":"2024-08-10T14:23:42","slug":"comite-de-honor","status":"publish","type":"page","link":"https:\/\/cisl.usv.ro\/?page_id=3185&lang=es","title":{"rendered":"Comit\u00e9 de Honor"},"content":{"rendered":"<p><strong>2023<\/strong><\/p>\n<ul>\n<li>Alexandru Banto\u0219, redactor jefe de la revista &#8220;Limba rom\u00e2n\u0103&#8221;, Chisinau, Rep\u00fablica de Moldavia<\/li>\n<li>Prof. Dr. Henri Boyer, Universidad &#8220;Paul Val\u00e9ry&#8221;, Montpellier, Francia<\/li>\n<li>Prof. Dr. Mircea Borcil\u0103, Universidad &#8220;Babe\u0219-Bolyai&#8221;, Cluj-Napoca, Ruman\u00eda<\/li>\n<li>Prof. univ. dr. habil. habil., Iraida Condrea, Universidad Estatal de Moldavia, Rep\u00fablica de Moldavia<\/li>\n<li>Prof. Dr. Johannes Kabatek, Acad\u00e9mico, Universidad de Z\u00farich, Suiza<\/li>\n<li>Prof. Dr. Ioan Oprea, Universidad &#8220;Stefan cel Mare&#8221;, Suceava, Ruman\u00eda<\/li>\n<li>Prof. univ. dr. habil. Sergiu Pavlicenco, Universidad Estatal de Moldavia, Rep\u00fablica de Moldavia<\/li>\n<li>Prof. univ. dr. habil. habil. Gheorghe Popa, Universidad Estatal &#8220;Alecu Russo&#8221;, Balti, Rep\u00fablica de Moldavia<\/li>\n<li>Prof. Dr. Nicolae Saramandu, acad\u00e9mico, Academia Rumana, Bucarest, Ruman\u00eda<\/li>\n<li>Prof. Dr. Klaas Willems, Universidad de Gante, B\u00e9lgica<\/li>\n<\/ul>\n<p><strong>2015<\/strong><\/p>\n<ul>\n<li>Acad. Anatol Ciobanu &#8211; Universidad Estatal, Chisinau, Rep\u00fablica de Moldavia<\/li>\n<li>Acad. Gheorghe Chivu &#8211; Academia Rumana, Bucarest, Ruman\u00eda<\/li>\n<li>Acad. Marius Sala &#8211; Academia Rumana, Bucarest<\/li>\n<li>Prof. Dr. Ion-Horia B\u00eerleanu &#8211; Universidad &#8220;Stefan cel Mare&#8221;, Suceava<\/li>\n<li>Prof. Dra. Anna Bondarenco &#8211; Universidad Estatal, Chisinau, Rep\u00fablica de Moldavia<\/li>\n<li>Prof. Dr. Gheorghe Moldoveanu &#8211; Universidad &#8220;Stefan cel Mare&#8221;, Suceava<\/li>\n<li>Prof. Dr. Ioan Oprea &#8211; Universidad &#8220;Stefan cel Mare&#8221;, Suceava<\/li>\n<\/ul>\n","protected":false},"excerpt":{"rendered":"<p>2023 Alexandru Banto\u0219, redactor jefe de la revista &#8220;Limba rom\u00e2n\u0103&#8221;, Chisinau, Rep\u00fablica de Moldavia Prof. Dr. Henri Boyer, Universidad &#8220;Paul Val\u00e9ry&#8221;, Montpellier, Francia Prof. Dr. Mircea Borcil\u0103, Universidad &#8220;Babe\u0219-Bolyai&#8221;, Cluj-Napoca, Ruman\u00eda Prof. univ. dr. habil. habil., Iraida Condrea, Universidad Estatal de Moldavia, Rep\u00fablica de Moldavia Prof. Dr. Johannes Kabatek, Acad\u00e9mico, Universidad de Z\u00farich, Suiza Prof.<\/p>\n","protected":false},"author":52,"featured_media":0,"parent":0,"menu_order":0,"comment_status":"closed","ping_status":"closed","template":"","meta":{"cybocfi_hide_featured_image":"","footnotes":""},"class_list":["post-3185","page","type-page","status-publish","hentry"],"yoast_head":"<!-- This site is optimized with the Yoast SEO plugin v27.5 - https:\/\/yoast.com\/product\/yoast-seo-wordpress\/ -->\n<title>Comit\u00e9 de Honor - Colocviul Interna\u021bional de \u0218tiin\u021be ale Limbajului (CISL) \u201eEugeniu Co\u0219eriu\u201d<\/title>\n<meta name=\"robots\" content=\"index, follow, max-snippet:-1, max-image-preview:large, max-video-preview:-1\" \/>\n<link rel=\"canonical\" href=\"https:\/\/cisl.usv.ro\/?page_id=3185&lang=es\" \/>\n<meta property=\"og:locale\" content=\"en_US\" \/>\n<meta property=\"og:type\" content=\"article\" \/>\n<meta property=\"og:title\" content=\"Comit\u00e9 de Honor - Colocviul Interna\u021bional de \u0218tiin\u021be ale Limbajului (CISL) \u201eEugeniu Co\u0219eriu\u201d\" \/>\n<meta property=\"og:description\" content=\"2023 Alexandru Banto\u0219, redactor jefe de la revista &#8220;Limba rom\u00e2n\u0103&#8221;, Chisinau, Rep\u00fablica de Moldavia Prof. Dr. Henri Boyer, Universidad &#8220;Paul Val\u00e9ry&#8221;, Montpellier, Francia Prof. Dr. Mircea Borcil\u0103, Universidad &#8220;Babe\u0219-Bolyai&#8221;, Cluj-Napoca, Ruman\u00eda Prof. univ. dr. habil. habil., Iraida Condrea, Universidad Estatal de Moldavia, Rep\u00fablica de Moldavia Prof. Dr. Johannes Kabatek, Acad\u00e9mico, Universidad de Z\u00farich, Suiza Prof.\" \/>\n<meta property=\"og:url\" content=\"https:\/\/cisl.usv.ro\/?page_id=3185&amp;lang=es\" \/>\n<meta property=\"og:site_name\" content=\"Colocviul Interna\u021bional de \u0218tiin\u021be ale Limbajului (CISL) \u201eEugeniu Co\u0219eriu\u201d\" \/>\n<meta property=\"article:modified_time\" content=\"2024-08-10T14:23:42+00:00\" \/>\n<meta name=\"twitter:card\" content=\"summary_large_image\" \/>\n<meta name=\"twitter:label1\" content=\"Est. reading time\" \/>\n\t<meta name=\"twitter:data1\" content=\"1 minute\" \/>\n<script type=\"application\/ld+json\" class=\"yoast-schema-graph\">{\"@context\":\"https:\\\/\\\/schema.org\",\"@graph\":[{\"@type\":\"WebPage\",\"@id\":\"https:\\\/\\\/cisl.usv.ro\\\/?page_id=3185&lang=es\",\"url\":\"https:\\\/\\\/cisl.usv.ro\\\/?page_id=3185&lang=es\",\"name\":\"Comit\u00e9 de Honor - Colocviul Interna\u021bional de \u0218tiin\u021be ale Limbajului (CISL) \u201eEugeniu Co\u0219eriu\u201d\",\"isPartOf\":{\"@id\":\"https:\\\/\\\/cisl.usv.ro\\\/#website\"},\"datePublished\":\"2024-08-02T08:10:26+00:00\",\"dateModified\":\"2024-08-10T14:23:42+00:00\",\"breadcrumb\":{\"@id\":\"https:\\\/\\\/cisl.usv.ro\\\/?page_id=3185&lang=es#breadcrumb\"},\"inLanguage\":\"en-US\",\"potentialAction\":[{\"@type\":\"ReadAction\",\"target\":[\"https:\\\/\\\/cisl.usv.ro\\\/?page_id=3185&lang=es\"]}]},{\"@type\":\"BreadcrumbList\",\"@id\":\"https:\\\/\\\/cisl.usv.ro\\\/?page_id=3185&lang=es#breadcrumb\",\"itemListElement\":[{\"@type\":\"ListItem\",\"position\":1,\"name\":\"Home\",\"item\":\"https:\\\/\\\/cisl.usv.ro\\\/\"},{\"@type\":\"ListItem\",\"position\":2,\"name\":\"Comit\u00e9 de Honor\"}]},{\"@type\":\"WebSite\",\"@id\":\"https:\\\/\\\/cisl.usv.ro\\\/#website\",\"url\":\"https:\\\/\\\/cisl.usv.ro\\\/\",\"name\":\"Colocviul Interna\u021bional de \u0218tiin\u021be ale Limbajului (CISL) \u201eEugeniu Co\u0219eriu\u201d\",\"description\":\"Colocviul Interna\u021bional de \u0218tiin\u021be ale Limbajului \u201cEugeniu Co\u0219eriu\u201d, cu o tradi\u0163ie de peste 30 de ani, reprezint\u0103 un eveniment academic de referin\u021b\u0103 \u00een urm\u0103toarele domenii: semiotic\u0103, lingvistic\u0103, literatur\u0103, \u015ftiin\u0163e umaniste, filosofia limbii, didactic\u0103.\",\"potentialAction\":[{\"@type\":\"SearchAction\",\"target\":{\"@type\":\"EntryPoint\",\"urlTemplate\":\"https:\\\/\\\/cisl.usv.ro\\\/?s={search_term_string}\"},\"query-input\":{\"@type\":\"PropertyValueSpecification\",\"valueRequired\":true,\"valueName\":\"search_term_string\"}}],\"inLanguage\":\"en-US\"}]}<\/script>\n<!-- \/ Yoast SEO plugin. -->","yoast_head_json":{"title":"Comit\u00e9 de Honor - Colocviul Interna\u021bional de \u0218tiin\u021be ale Limbajului (CISL) \u201eEugeniu Co\u0219eriu\u201d","robots":{"index":"index","follow":"follow","max-snippet":"max-snippet:-1","max-image-preview":"max-image-preview:large","max-video-preview":"max-video-preview:-1"},"canonical":"https:\/\/cisl.usv.ro\/?page_id=3185&lang=es","og_locale":"en_US","og_type":"article","og_title":"Comit\u00e9 de Honor - Colocviul Interna\u021bional de \u0218tiin\u021be ale Limbajului (CISL) \u201eEugeniu Co\u0219eriu\u201d","og_description":"2023 Alexandru Banto\u0219, redactor jefe de la revista &#8220;Limba rom\u00e2n\u0103&#8221;, Chisinau, Rep\u00fablica de Moldavia Prof. Dr. Henri Boyer, Universidad &#8220;Paul Val\u00e9ry&#8221;, Montpellier, Francia Prof. Dr. Mircea Borcil\u0103, Universidad &#8220;Babe\u0219-Bolyai&#8221;, Cluj-Napoca, Ruman\u00eda Prof. univ. dr. habil. habil., Iraida Condrea, Universidad Estatal de Moldavia, Rep\u00fablica de Moldavia Prof. Dr. Johannes Kabatek, Acad\u00e9mico, Universidad de Z\u00farich, Suiza Prof.","og_url":"https:\/\/cisl.usv.ro\/?page_id=3185&lang=es","og_site_name":"Colocviul Interna\u021bional de \u0218tiin\u021be ale Limbajului (CISL) \u201eEugeniu Co\u0219eriu\u201d","article_modified_time":"2024-08-10T14:23:42+00:00","twitter_card":"summary_large_image","twitter_misc":{"Est. reading time":"1 minute"},"schema":{"@context":"https:\/\/schema.org","@graph":[{"@type":"WebPage","@id":"https:\/\/cisl.usv.ro\/?page_id=3185&lang=es","url":"https:\/\/cisl.usv.ro\/?page_id=3185&lang=es","name":"Comit\u00e9 de Honor - Colocviul Interna\u021bional de \u0218tiin\u021be ale Limbajului (CISL) \u201eEugeniu Co\u0219eriu\u201d","isPartOf":{"@id":"https:\/\/cisl.usv.ro\/#website"},"datePublished":"2024-08-02T08:10:26+00:00","dateModified":"2024-08-10T14:23:42+00:00","breadcrumb":{"@id":"https:\/\/cisl.usv.ro\/?page_id=3185&lang=es#breadcrumb"},"inLanguage":"en-US","potentialAction":[{"@type":"ReadAction","target":["https:\/\/cisl.usv.ro\/?page_id=3185&lang=es"]}]},{"@type":"BreadcrumbList","@id":"https:\/\/cisl.usv.ro\/?page_id=3185&lang=es#breadcrumb","itemListElement":[{"@type":"ListItem","position":1,"name":"Home","item":"https:\/\/cisl.usv.ro\/"},{"@type":"ListItem","position":2,"name":"Comit\u00e9 de Honor"}]},{"@type":"WebSite","@id":"https:\/\/cisl.usv.ro\/#website","url":"https:\/\/cisl.usv.ro\/","name":"Colocviul Interna\u021bional de \u0218tiin\u021be ale Limbajului (CISL) \u201eEugeniu Co\u0219eriu\u201d","description":"Colocviul Interna\u021bional de \u0218tiin\u021be ale Limbajului \u201cEugeniu Co\u0219eriu\u201d, cu o tradi\u0163ie de peste 30 de ani, reprezint\u0103 un eveniment academic de referin\u021b\u0103 \u00een urm\u0103toarele domenii: semiotic\u0103, lingvistic\u0103, literatur\u0103, \u015ftiin\u0163e umaniste, filosofia limbii, didactic\u0103.","potentialAction":[{"@type":"SearchAction","target":{"@type":"EntryPoint","urlTemplate":"https:\/\/cisl.usv.ro\/?s={search_term_string}"},"query-input":{"@type":"PropertyValueSpecification","valueRequired":true,"valueName":"search_term_string"}}],"inLanguage":"en-US"}]}},"_links":{"self":[{"href":"https:\/\/cisl.usv.ro\/index.php?rest_route=\/wp\/v2\/pages\/3185","targetHints":{"allow":["GET"]}}],"collection":[{"href":"https:\/\/cisl.usv.ro\/index.php?rest_route=\/wp\/v2\/pages"}],"about":[{"href":"https:\/\/cisl.usv.ro\/index.php?rest_route=\/wp\/v2\/types\/page"}],"author":[{"embeddable":true,"href":"https:\/\/cisl.usv.ro\/index.php?rest_route=\/wp\/v2\/users\/52"}],"replies":[{"embeddable":true,"href":"https:\/\/cisl.usv.ro\/index.php?rest_route=%2Fwp%2Fv2%2Fcomments&post=3185"}],"version-history":[{"count":0,"href":"https:\/\/cisl.usv.ro\/index.php?rest_route=\/wp\/v2\/pages\/3185\/revisions"}],"wp:attachment":[{"href":"https:\/\/cisl.usv.ro\/index.php?rest_route=%2Fwp%2Fv2%2Fmedia&parent=3185"}],"curies":[{"name":"wp","href":"https:\/\/api.w.org\/{rel}","templated":true}]}}