{"id":3072,"date":"2024-08-02T09:37:22","date_gmt":"2024-08-02T06:37:22","guid":{"rendered":"https:\/\/cisl.usv.ro\/?page_id=3072"},"modified":"2024-08-02T23:08:27","modified_gmt":"2024-08-02T20:08:27","slug":"3072-2","status":"publish","type":"page","link":"https:\/\/cisl.usv.ro\/?page_id=3072&lang=fr","title":{"rendered":"\u00c0 propos de nous"},"content":{"rendered":"<p><em>Le Colloque International des Sciences du Langage &#8220;Eugeniu Co\u0219eriu&#8221;<\/em>, avec une tradition de plus de 30 ans, est un \u00e9v\u00e9nement acad\u00e9mique de r\u00e9f\u00e9rence dans les domaines suivants : s\u00e9miotique, linguistique, litt\u00e9rature, sciences humaines, philosophie du langage, didactique.<\/p>\n<p>Initi\u00e9 en 1993 \u00e0 l&#8217;Universit\u00e9 &#8220;Stefan cel Mare&#8221; de Suceava, le CISL s&#8217;est d\u00e9velopp\u00e9 r\u00e9guli\u00e8rement, devenant itin\u00e9rant, depuis 2001, dans les r\u00e9gions roumanophones de Roumanie (Suceava), de la R\u00e9publique de Moldavie (Chisinau) et d&#8217;Ukraine (Chernivtsi). La m\u00eame ann\u00e9e, <em>le CISL<\/em> a \u00e9t\u00e9 baptis\u00e9e du nom d&#8217;Eugeniu Co\u0219eriu, le plus grand linguiste roumain et l&#8217;initiateur de cet \u00e9v\u00e9nement scientifique international unique.<\/p>\n<p><em>Le CISL &#8220;Eugeniu Co\u0219eriu&#8221;<\/em> est organis\u00e9e tous les deux ans par l&#8217;une des universit\u00e9s partenaires : l&#8217;universit\u00e9 Stefan cel Mare \u00e0 Suceava, l&#8217;universit\u00e9 nationale Yuriy Fedkovych \u00e0 Chernivtsi et l&#8217;universit\u00e9 d&#8217;\u00c9tat de Moldavie.<\/p>\n<p>Pour sa 17e \u00e9dition en 2023, <em>le CISL &#8220;Eugeniu Co\u0219eriu&#8221;<\/em> a b\u00e9n\u00e9fici\u00e9 de la pr\u00e9sence du savant Eugeniu Co\u0219eriu \u00e0 quatre de ses r\u00e9unions scientifiques, dont la derni\u00e8re en 2001. Outre le grand linguiste, des personnalit\u00e9s \u00e9minentes dans le domaine des sciences du langage ont particip\u00e9 \u00e0 l&#8217;\u00e9v\u00e9nement en tant que promoteurs et soutiens, notamment Les professeurs d&#8217;universit\u00e9 Mihail Iordache et Gheorghe Moldoveanu de Suceava, le professeur d&#8217;universit\u00e9 Dumitru Irimia de Ia\u0219i, le professeur d&#8217;universit\u00e9 Silviu Berejan de Chisinau, les acad\u00e9miciens Grigore Bostan et Alexandrina Cernov de Chernivtsi, l&#8217;acad\u00e9micien roumain Marius Sala, le professeur \u00e9m\u00e9rite Anne-Marie Houdebine, la France.<\/p>\n<p><em>Le Colloque international des sciences du langage &#8220;Eugeniu Co\u0219eriu&#8221;<\/em>  continue d&#8217;\u00eatre un important forum de d\u00e9bat acad\u00e9mique, promouvant l&#8217;excellence dans la recherche scientifique humaniste et honorant l&#8217;h\u00e9ritage th\u00e9orique et appliqu\u00e9 d&#8217;un grand linguiste, militant infatigable pour l&#8217;affirmation de la langue roumaine et de l&#8217;espace roumain.<\/p>\n","protected":false},"excerpt":{"rendered":"<p>Le Colloque International des Sciences du Langage &#8220;Eugeniu Co\u0219eriu&#8221;, avec une tradition de plus de 30 ans, est un \u00e9v\u00e9nement acad\u00e9mique de r\u00e9f\u00e9rence dans les domaines suivants : s\u00e9miotique, linguistique, litt\u00e9rature, sciences humaines, philosophie du langage, didactique. Initi\u00e9 en 1993 \u00e0 l&#8217;Universit\u00e9 &#8220;Stefan cel Mare&#8221; de Suceava, le CISL s&#8217;est d\u00e9velopp\u00e9 r\u00e9guli\u00e8rement, devenant itin\u00e9rant, depuis<\/p>\n","protected":false},"author":52,"featured_media":0,"parent":0,"menu_order":0,"comment_status":"closed","ping_status":"closed","template":"","meta":{"cybocfi_hide_featured_image":"","footnotes":""},"class_list":["post-3072","page","type-page","status-publish","hentry"],"yoast_head":"<!-- This site is optimized with the Yoast SEO plugin v27.5 - https:\/\/yoast.com\/product\/yoast-seo-wordpress\/ -->\n<title>\u00c0 propos de nous - Colocviul Interna\u021bional de \u0218tiin\u021be ale Limbajului (CISL) \u201eEugeniu Co\u0219eriu\u201d<\/title>\n<meta name=\"robots\" content=\"index, follow, max-snippet:-1, max-image-preview:large, max-video-preview:-1\" \/>\n<link rel=\"canonical\" href=\"https:\/\/cisl.usv.ro\/?page_id=3072&lang=fr\" \/>\n<meta property=\"og:locale\" content=\"en_US\" \/>\n<meta property=\"og:type\" content=\"article\" \/>\n<meta property=\"og:title\" content=\"\u00c0 propos de nous - Colocviul Interna\u021bional de \u0218tiin\u021be ale Limbajului (CISL) \u201eEugeniu Co\u0219eriu\u201d\" \/>\n<meta property=\"og:description\" content=\"Le Colloque International des Sciences du Langage &#8220;Eugeniu Co\u0219eriu&#8221;, avec une tradition de plus de 30 ans, est un \u00e9v\u00e9nement acad\u00e9mique de r\u00e9f\u00e9rence dans les domaines suivants : s\u00e9miotique, linguistique, litt\u00e9rature, sciences humaines, philosophie du langage, didactique. Initi\u00e9 en 1993 \u00e0 l&#8217;Universit\u00e9 &#8220;Stefan cel Mare&#8221; de Suceava, le CISL s&#8217;est d\u00e9velopp\u00e9 r\u00e9guli\u00e8rement, devenant itin\u00e9rant, depuis\" \/>\n<meta property=\"og:url\" content=\"https:\/\/cisl.usv.ro\/?page_id=3072&amp;lang=fr\" \/>\n<meta property=\"og:site_name\" content=\"Colocviul Interna\u021bional de \u0218tiin\u021be ale Limbajului (CISL) \u201eEugeniu Co\u0219eriu\u201d\" \/>\n<meta property=\"article:modified_time\" content=\"2024-08-02T20:08:27+00:00\" \/>\n<meta name=\"twitter:card\" content=\"summary_large_image\" \/>\n<meta name=\"twitter:label1\" content=\"Est. reading time\" \/>\n\t<meta name=\"twitter:data1\" content=\"2 minutes\" \/>\n<script type=\"application\/ld+json\" class=\"yoast-schema-graph\">{\"@context\":\"https:\\\/\\\/schema.org\",\"@graph\":[{\"@type\":\"WebPage\",\"@id\":\"https:\\\/\\\/cisl.usv.ro\\\/?page_id=3072&lang=fr\",\"url\":\"https:\\\/\\\/cisl.usv.ro\\\/?page_id=3072&lang=fr\",\"name\":\"\u00c0 propos de nous - Colocviul Interna\u021bional de \u0218tiin\u021be ale Limbajului (CISL) \u201eEugeniu Co\u0219eriu\u201d\",\"isPartOf\":{\"@id\":\"https:\\\/\\\/cisl.usv.ro\\\/#website\"},\"datePublished\":\"2024-08-02T06:37:22+00:00\",\"dateModified\":\"2024-08-02T20:08:27+00:00\",\"breadcrumb\":{\"@id\":\"https:\\\/\\\/cisl.usv.ro\\\/?page_id=3072&lang=fr#breadcrumb\"},\"inLanguage\":\"en-US\",\"potentialAction\":[{\"@type\":\"ReadAction\",\"target\":[\"https:\\\/\\\/cisl.usv.ro\\\/?page_id=3072&lang=fr\"]}]},{\"@type\":\"BreadcrumbList\",\"@id\":\"https:\\\/\\\/cisl.usv.ro\\\/?page_id=3072&lang=fr#breadcrumb\",\"itemListElement\":[{\"@type\":\"ListItem\",\"position\":1,\"name\":\"Home\",\"item\":\"https:\\\/\\\/cisl.usv.ro\\\/\"},{\"@type\":\"ListItem\",\"position\":2,\"name\":\"\u00c0 propos de nous\"}]},{\"@type\":\"WebSite\",\"@id\":\"https:\\\/\\\/cisl.usv.ro\\\/#website\",\"url\":\"https:\\\/\\\/cisl.usv.ro\\\/\",\"name\":\"Colocviul Interna\u021bional de \u0218tiin\u021be ale Limbajului (CISL) \u201eEugeniu Co\u0219eriu\u201d\",\"description\":\"Colocviul Interna\u021bional de \u0218tiin\u021be ale Limbajului \u201cEugeniu Co\u0219eriu\u201d, cu o tradi\u0163ie de peste 30 de ani, reprezint\u0103 un eveniment academic de referin\u021b\u0103 \u00een urm\u0103toarele domenii: semiotic\u0103, lingvistic\u0103, literatur\u0103, \u015ftiin\u0163e umaniste, filosofia limbii, didactic\u0103.\",\"potentialAction\":[{\"@type\":\"SearchAction\",\"target\":{\"@type\":\"EntryPoint\",\"urlTemplate\":\"https:\\\/\\\/cisl.usv.ro\\\/?s={search_term_string}\"},\"query-input\":{\"@type\":\"PropertyValueSpecification\",\"valueRequired\":true,\"valueName\":\"search_term_string\"}}],\"inLanguage\":\"en-US\"}]}<\/script>\n<!-- \/ Yoast SEO plugin. -->","yoast_head_json":{"title":"\u00c0 propos de nous - Colocviul Interna\u021bional de \u0218tiin\u021be ale Limbajului (CISL) \u201eEugeniu Co\u0219eriu\u201d","robots":{"index":"index","follow":"follow","max-snippet":"max-snippet:-1","max-image-preview":"max-image-preview:large","max-video-preview":"max-video-preview:-1"},"canonical":"https:\/\/cisl.usv.ro\/?page_id=3072&lang=fr","og_locale":"en_US","og_type":"article","og_title":"\u00c0 propos de nous - Colocviul Interna\u021bional de \u0218tiin\u021be ale Limbajului (CISL) \u201eEugeniu Co\u0219eriu\u201d","og_description":"Le Colloque International des Sciences du Langage &#8220;Eugeniu Co\u0219eriu&#8221;, avec une tradition de plus de 30 ans, est un \u00e9v\u00e9nement acad\u00e9mique de r\u00e9f\u00e9rence dans les domaines suivants : s\u00e9miotique, linguistique, litt\u00e9rature, sciences humaines, philosophie du langage, didactique. Initi\u00e9 en 1993 \u00e0 l&#8217;Universit\u00e9 &#8220;Stefan cel Mare&#8221; de Suceava, le CISL s&#8217;est d\u00e9velopp\u00e9 r\u00e9guli\u00e8rement, devenant itin\u00e9rant, depuis","og_url":"https:\/\/cisl.usv.ro\/?page_id=3072&lang=fr","og_site_name":"Colocviul Interna\u021bional de \u0218tiin\u021be ale Limbajului (CISL) \u201eEugeniu Co\u0219eriu\u201d","article_modified_time":"2024-08-02T20:08:27+00:00","twitter_card":"summary_large_image","twitter_misc":{"Est. reading time":"2 minutes"},"schema":{"@context":"https:\/\/schema.org","@graph":[{"@type":"WebPage","@id":"https:\/\/cisl.usv.ro\/?page_id=3072&lang=fr","url":"https:\/\/cisl.usv.ro\/?page_id=3072&lang=fr","name":"\u00c0 propos de nous - Colocviul Interna\u021bional de \u0218tiin\u021be ale Limbajului (CISL) \u201eEugeniu Co\u0219eriu\u201d","isPartOf":{"@id":"https:\/\/cisl.usv.ro\/#website"},"datePublished":"2024-08-02T06:37:22+00:00","dateModified":"2024-08-02T20:08:27+00:00","breadcrumb":{"@id":"https:\/\/cisl.usv.ro\/?page_id=3072&lang=fr#breadcrumb"},"inLanguage":"en-US","potentialAction":[{"@type":"ReadAction","target":["https:\/\/cisl.usv.ro\/?page_id=3072&lang=fr"]}]},{"@type":"BreadcrumbList","@id":"https:\/\/cisl.usv.ro\/?page_id=3072&lang=fr#breadcrumb","itemListElement":[{"@type":"ListItem","position":1,"name":"Home","item":"https:\/\/cisl.usv.ro\/"},{"@type":"ListItem","position":2,"name":"\u00c0 propos de nous"}]},{"@type":"WebSite","@id":"https:\/\/cisl.usv.ro\/#website","url":"https:\/\/cisl.usv.ro\/","name":"Colocviul Interna\u021bional de \u0218tiin\u021be ale Limbajului (CISL) \u201eEugeniu Co\u0219eriu\u201d","description":"Colocviul Interna\u021bional de \u0218tiin\u021be ale Limbajului \u201cEugeniu Co\u0219eriu\u201d, cu o tradi\u0163ie de peste 30 de ani, reprezint\u0103 un eveniment academic de referin\u021b\u0103 \u00een urm\u0103toarele domenii: semiotic\u0103, lingvistic\u0103, literatur\u0103, \u015ftiin\u0163e umaniste, filosofia limbii, didactic\u0103.","potentialAction":[{"@type":"SearchAction","target":{"@type":"EntryPoint","urlTemplate":"https:\/\/cisl.usv.ro\/?s={search_term_string}"},"query-input":{"@type":"PropertyValueSpecification","valueRequired":true,"valueName":"search_term_string"}}],"inLanguage":"en-US"}]}},"_links":{"self":[{"href":"https:\/\/cisl.usv.ro\/index.php?rest_route=\/wp\/v2\/pages\/3072","targetHints":{"allow":["GET"]}}],"collection":[{"href":"https:\/\/cisl.usv.ro\/index.php?rest_route=\/wp\/v2\/pages"}],"about":[{"href":"https:\/\/cisl.usv.ro\/index.php?rest_route=\/wp\/v2\/types\/page"}],"author":[{"embeddable":true,"href":"https:\/\/cisl.usv.ro\/index.php?rest_route=\/wp\/v2\/users\/52"}],"replies":[{"embeddable":true,"href":"https:\/\/cisl.usv.ro\/index.php?rest_route=%2Fwp%2Fv2%2Fcomments&post=3072"}],"version-history":[{"count":0,"href":"https:\/\/cisl.usv.ro\/index.php?rest_route=\/wp\/v2\/pages\/3072\/revisions"}],"wp:attachment":[{"href":"https:\/\/cisl.usv.ro\/index.php?rest_route=%2Fwp%2Fv2%2Fmedia&parent=3072"}],"curies":[{"name":"wp","href":"https:\/\/api.w.org\/{rel}","templated":true}]}}