{"id":2467,"date":"2024-07-04T12:35:08","date_gmt":"2024-07-04T09:35:08","guid":{"rendered":"https:\/\/cisl.usv.ro\/?page_id=2467"},"modified":"2024-08-11T09:55:11","modified_gmt":"2024-08-11T06:55:11","slug":"comitetul-stiintific","status":"publish","type":"page","link":"https:\/\/cisl.usv.ro\/?page_id=2467","title":{"rendered":"Comitetul \u0219tiin\u021bific"},"content":{"rendered":"<p><strong>2023<\/strong><br \/>\n<br \/><\/br><br \/>\nSanda-Maria Ardeleanu, prof. univ. dr., Universitatea \u201e\u0218tefan cel Mare\u201d, Suceava, Rom\u00e2nia<br \/>\nCristina Bleor\u021bu, doctor, Universitatea din Z\u00fcrich, Elve\u021bia<br \/>\nOana Boc, lector univ. dr., Universitatea Babe\u0219-Bolyai, Cluj-Napoca, Rom\u00e2nia<br \/>\nEugenia Bojoga, lector univ. dr., Universitatea Babe\u0219-Bolyai, Cluj-Napoca, Rom\u00e2nia<br \/>\nTatiana Ciocoi, conf. univ. dr. habil., Universitatea de Stat din Moldova, Republica Moldova<br \/>\nClaudia Costin, prof. univ. dr. habil., Universitatea \u201e\u015etefan cel Mare\u201d, Suceava, Rom\u00e2nia<br \/>\nMarius Cucu, lector univ. dr., Universitatea \u201e\u015etefan cel Mare\u201d, Suceava, Rom\u00e2nia<br \/>\nMircea A. Diaconu, prof.univ. dr., Universitatea \u201e\u015etefan cel Mare\u201d, Suceava, Rom\u00e2nia<br \/>\nConstantin Dram, prof. univ. dr., Universitatea \u201eAlexandru Ioan Cuza\u201d, Ia\u015fi, Rom\u00e2nia<br \/>\nOliviu Felecan, prof. univ. dr. habil., Universitatea Tehnic\u0103 din Cluj-Napoca, Rom\u00e2nia<br \/>\nDorel F\u00eenaru, prof. univ. dr. habil., Universitatea \u201e\u015etefan cel Mare\u201d, Suceava, Rom\u00e2nia<br \/>\nAlexandru Gafton, prof. univ. dr., Universitatea \u201eAlexandru Ioan Cuza\u201d, Ia\u015fi, Rom\u00e2nia<br \/>\nOlga Gancevici, conf. univ. dr., Universitatea \u201e\u015etefan cel Mare\u201d, Suceava, Rom\u00e2nia<br \/>\nAngela Gr\u0103dinaru, conf. univ. dr., Universitatea de Stat din Moldova, Republica Moldova<br \/>\nIon Gu\u021bu, conf.univ. dr., Universitatea de Stat din Moldova, Republica Moldova<br \/>\nSimona Modreanu, prof. univ. dr., Universitatea \u201eAlexandru Ioan Cuza\u201d, Ia\u015fi, Rom\u00e2nia<br \/>\nViorica Molea, conf. univ. dr. habil., Universitatea de Stat din Moldova, Republica Moldova<br \/>\nCristinel Munteanu, prof. univ. dr. habil., Universitatea din Pite\u015fti, Rom\u00e2nia<br \/>\nDinu Moscal, cercet\u0103tor \u015ftiin\u0163ific III, Academia Rom\u00e2n\u0103. Filiala Ia\u015fi, Rom\u00e2nia<br \/>\nRodica Nagy, prof.univ. dr., Universitatea \u201e\u0218tefan cel Mare\u201d, Suceava, Rom\u00e2nia<br \/>\nEnrique Nogueras, prof. univ. dr., Universitatea din Granada, Spania<br \/>\nCristinia Paladian, conf. univ. dr., Universitatea Na\u021bional\u0103 \u201eYurii Fedkovici\u201d, Cern\u0103u\u021bi, Ucraina<br \/>\nDaniela Petro\u0219el, conf. univ. dr., Universitatea \u201e\u015etefan cel Mare\u201d, Suceava, Rom\u00e2nia<br \/>\nElena Prus, prof. univ. dr. habil., Universitatea Liber\u0103 Interna\u021bional\u0103 din Moldova, Chi\u015fin\u0103u,<br \/>\nRepublica Moldova<br \/>\nMaria \u0218leahti\u021bchi, conf. univ. dr. habil., directorul Muzeului Na\u021bional de Literatur\u0103 \u201eMihail<br \/>\nKog\u0103lniceanu\u201d, Republica Moldova<br \/>\nMariana \u015eovea, lector univ. dr., Universitatea \u201e\u015etefan cel Mare\u201d, Suceava, Rom\u00e2nia<br \/>\nEmma T\u0103m\u00e2ianu-Morita, prof. univ. dr., Kindai University, Osaka, Japonia<br \/>\nLumini\u0163a Elena Turcu, conf. univ. dr., Universitatea \u201e\u015etefan cel Mare\u201d, Suceava, Rom\u00e2nia<br \/>\nLudmila Usat\u00e2i, conf. univ. dr., Universitatea de Stat din Moldova, Republica Moldova<br \/>\nCristina Varga, lector univ. dr., Universitatea Babe\u0219-Bolyai, Cluj-Napoca, Rom\u00e2nia<br \/>\nElena Varzari, conf. univ. dr., Universitatea de Stat din Moldova, Republica Moldova<br \/>\nCornel V\u00eelcu, conf. univ. dr., Universitatea Babe\u0219-Bolyai, Cluj-Napoca, Rom\u00e2nia<br \/>\nFelicia Vr\u00e2nceanu, conf. univ. dr., Universitatea Na\u021bional\u0103 \u201eYurii Fedkovici\u201d, Cern\u0103u\u021bi, Ucraina<br \/>\nLudmila Zban\u021b, prof. univ. dr. habil., Universitatea de Stat din Moldova, Republica Moldova<br \/>\n<br \/><\/br><br \/>\n<strong>2021<\/strong><br \/>\nLudmila Zban\u0163, prof. univ., dr. hab., Universitatea de Stat din Moldova, Republica Moldova \u2013 pre\u0219edinte<br \/>\nIgor \u0218arov, conf. univ., dr., rectorul Universit\u0103\u0163ii de Stat din Moldova, Republica Moldova<br \/>\nAurelia Hanganu, conf. univ., dr. hab., prorector pentru activitate \u0219tiin\u0163ific\u0103, Universitatea de Stat din Moldova, Republica Moldova<br \/>\nValeriu Matei, academician, directorul Institutului Cultural Rom\u00e2n \u201eMihai Eminescu\u201d din Chi\u0219in\u0103u<br \/>\nSanda Maria Ardeleanu, prof. univ., dr., DHC, Universitatea \u201e\u0218tefan cel Mare\u201d, Suceava, Rom\u00e2nia<br \/>\nEugenia Bojoga, dr., lector, Universitatea Babe\u0219-Bolyai, Cluj-Napoca, Rom\u00e2nia<br \/>\nLora Bostan, prof. univ., dr., Universitatea Na\u0163ional\u0103 \u201eYurii Fedkovici\u201d, Cern\u0103u\u0163i, Ucraina<br \/>\nTatiana Ciocoi, conf. univ., dr. hab., Universitatea de Stat din Moldova, Republica Moldova<br \/>\nIraida Condrea, prof. univ., dr. hab. Universitatea de Stat din Moldova, Republica Moldova<br \/>\nMircea Diaconu, prof. univ., dr., Universitatea \u201e\u015etefan cel Mare\u201d, Suceava, Rom\u00e2nia<br \/>\nRodica-M\u0103rioara Nagy, prof. univ., dr., Universitatea \u201e\u0218tefan cel Mare\u201d, Suceava, Rom\u00e2nia<br \/>\nSergiu Pavlicenco, prof. univ., dr. hab., Universitatea de Stat din Moldova, Republica Moldova<br \/>\nGheorghe Popa, prof. univ., dr. hab., Universitatea de Stat \u201eAlecu Russo\u201d, B\u0103l\u0163i, Republica Moldova<br \/>\nElena Prus, prof. univ., dr. hab., Universitatea Liber\u0103 Interna\u0163ional\u0103 din Moldova<br \/>\nTatiana Babin-Rusu, conf. univ., dr., Universitatea de Stat din Moldova, Republica Moldova<br \/>\nVitalina Bahneanu, conf. univ., dr., Universitatea de Stat din Moldova, Republica Moldova<br \/>\nIrina Breahn\u0103, conf. univ., dr., Universitatea de Stat din Moldova, Republica Moldova<br \/>\nAdriana Cazacu, conf. univ., dr., Universitatea de Stat din Moldova, Republica Moldova<br \/>\nClaudia Cem\u00e2rtan, conf. univ., dr., Universitatea de Stat din Moldova, Republica Moldova<br \/>\nCornelia Cincilei, conf. univ., dr., Universitatea de Stat din Moldova, Republica Moldova<br \/>\nSvetlana Corcevschi, conf. univ., dr., Universitatea de Stat din Moldova, Republica Moldova<br \/>\nOxana Creang\u0103, conf. univ., dr., Universitatea de Stat din Moldova, Republica Moldova<br \/>\nElena Gheorghi\u0163\u0103, conf. univ., dr., Universitatea de Stat din Moldova, Republica Moldova<br \/>\nAlexandra Gherasim, conf. univ., dr., Universitatea de Stat din Moldova, Republica Moldova<br \/>\nAngela Gr\u0103dinaru, conf. univ., dr., Universitatea de Stat din Moldova, Republica Moldova<br \/>\nCristina Crossu-Chiriac, conf. univ., dr., Universitatea de Stat din Moldova, Republica Moldova<br \/>\nIon Gu\u0163u, conf. univ., dr., Universitatea de Stat din Moldova, Republica Moldova<br \/>\nNicolae Leahu, conf. univ., dr., Universitatea de Stat \u201eAlecu Russo\u201d, B\u0103l\u0163i, Republica Moldova<br \/>\nViorica Lifari, conf. univ., dr., Universitatea de Stat din Moldova, Republica Moldova<br \/>\nViorica Molea, conf. univ., dr. hab., Universitatea de Stat din Moldova, Republica Moldova<br \/>\nViorica Molo\u0219niuc, conf. univ., dr., Universitatea de Stat din Moldova, Republica Moldova<br \/>\nCristinia Paladian, conf. univ. dr., Universitatea Na\u0163ional\u0103 \u201eYurii Fedkovici\u201d, Cern\u0103u\u0163i, Ucraina Angela Ro\u0219ca, conf. univ., dr., Universitatea de Stat din Moldova, Republica Moldova<br \/>\nGabriela \u0218aganean, conf. univ., dr., Universitatea de Stat din Moldova, Republica Moldova<br \/>\nMaria \u0218leahti\u0163chi, conf. univ., dr. hab., directorul Muzeului Na\u0163ional de Literatur\u0103 \u201eMihail Kog\u0103lniceanu\u201d, Republica Moldova<br \/>\nEmilia Taraburca, conf. univ., dr., Universitatea de Stat din Moldova, Republica Moldova<br \/>\nLilia Trinca, conf. univ., dr., Universitatea de Stat \u201eAlecu Russo\u201d, B\u0103l\u0163i, Republica Moldova<br \/>\nElena Varzari, conf. univ., dr., Universitatea de Stat din Moldova, Republica Moldova<br \/>\nDaniela Pascaru, lector univ., dr., Universitatea de Stat din Moldova, Republica Moldova<br \/>\nFelicia Vr\u00e2nceanu, lector univ., dr., Universitatea Na\u0163ional\u0103 \u201eYurii Fedkovici\u201d, Cern\u0103u\u0163i, Ucraina<\/p>\n<p><\/br><br \/>\n<strong>2015<\/strong><br \/>\nProf. univ. dr. Sanda-Maria Ardeleanu &#8211; Universitatea \u201e\u015etefan cel Mare\u201d, Suceava<br \/>\nProf. univ. dr. Iulian Boldea \u2013 Universitatea \u201ePetru Maior\u201d, T\u00e2rgu-Mure\u0219<br \/>\nProf. univ. dr. Lora Bostan &#8211; Universitatea Na\u0163ional\u0103 \u201eYurii Fedkovici\u201d, Cern\u0103u\u0163i, Ucraina<br \/>\nProf. univ. dr. Lumini\u021ba C\u0103r\u0103u\u0219u \u2013 Universitatea \u201eAl. I. Cuza\u201d, Ia\u0219i<br \/>\nProf. univ. dr. habilitat Irina Condrea &#8211; Universitatea de Stat, Chi\u015fin\u0103u, Republica Moldova<br \/>\nProf. univ. dr. Albumi\u021ba-Mugura\u0219 Constantinescu &#8211; Universitatea \u201e\u015etefan cel Mare\u201d, Suceava<br \/>\nProf. univ. dr. Elena Croitoru \u2013 Universitatea \u201eDun\u0103rea de Jos\u201d, Gala\u0163i<br \/>\nProf. univ. dr. Codrin-Liviu Cu\u0163itaru &#8211; Universitatea \u201eAl. I. Cuza\u201d, Ia\u0219i<br \/>\nProf. univ. dr. Mircea A. Diaconu &#8211; Universitatea \u201e\u015etefan cel Mare\u201d, Suceava<br \/>\nProf. univ. dr. Rodica Dimitriu &#8211; Universitatea \u201eAl. I. Cuza\u201d, Ia\u0219i<br \/>\nProf. univ. dr. Alexandru Gafton &#8211; Universitatea \u201eAl. I. Cuza\u201d, Ia\u0219i<br \/>\nProf. univ. dr. Mihaela Gheorghe \u2013 Universitatea \u201eTransilvania\u201d, Bra\u015fov<br \/>\nProf. univ. dr. Niculina Iacob &#8211; Universitatea \u201e\u015etefan cel Mare\u201d, Suceava<br \/>\nProf. univ. dr. Gina M\u0103ciuc\u0103 &#8211; Universitatea \u201e\u015etefan cel Mare\u201d, Suceava<br \/>\nProf. univ. dr. Rodica Nagy &#8211; Universitatea \u201e\u015etefan cel Mare\u201d, Suceava<br \/>\nProf. univ. dr. Michaela Praisler &#8211; Universitatea \u201eDun\u0103rea de Jos\u201d, Gala\u0163i<br \/>\nProf. univ. dr. habilitat Elena Prus &#8211; Universitatea Liber\u0103 Interna\u021bional\u0103 din Moldova, Chi\u015fin\u0103u, Republica Moldova Prof. univ. dr. habilitat Ala Sainenco &#8211; Universitatea \u201eAlecu Russo\u201d, B\u0103l\u0163i, Republica Moldova<br \/>\nProf. univ. dr. Vasile Spiridon \u2013 Universitatea \u201eVasile Alecsandri\u201d, Bac\u0103u<br \/>\nProf. univ. dr. Elena-Br\u00e2ndu\u0219a Steiciuc &#8211; Universitatea \u201e\u015etefan cel Mare\u201d, Suceava<br \/>\nProf. univ. dr. Vasile \u021a\u00e2ra \u2013 Universitatea de Vest, Timi\u0219oara<br \/>\nProf. univ. dr. habilitat Ludmila Zban\u0163 &#8211; Universitatea de Stat, Chi\u015fin\u0103u, Republica Moldova<br \/>\nConf. univ. dr. Mariana Boca &#8211; Universitatea \u201e\u015etefan cel Mare\u201d, Suceava<br \/>\nConf. univ. dr. Aurel Buzincu \u2013 Universitatea \u201e\u015etefan cel Mare\u201d, Suceava<br \/>\nConf. univ. dr. Ionel C. Corjan &#8211; Universitatea \u201e\u015etefan cel Mare\u201d, Suceava<br \/>\nConf. univ. dr. Claudia Costin &#8211; Universitatea \u201e\u015etefan cel Mare\u201d, Suceava<br \/>\nConf. univ. dr. Sabina F\u00eenaru &#8211; Universitatea \u201e\u015etefan cel Mare\u201d, Suceava<br \/>\nConf. univ. dr. Evelina Mezalina Graur &#8211; Universitatea \u201e\u015etefan cel Mare\u201d, Suceava<br \/>\nConf. univ. dr. Ana Gu\u021bu &#8211; Universitatea Liber\u0103 Interna\u021bional\u0103 din Moldova, Chi\u015fin\u0103u, Republica Moldova<br \/>\nConf. univ. dr. Cornelia Macsiniuc &#8211; Universitatea \u201e\u015etefan cel Mare\u201d, Suceava<br \/>\nConf. univ. dr. Ovidiu Morar &#8211; Universitatea \u201e\u015etefan cel Mare\u201d, Suceava<br \/>\nConf. univ. dr. Olga Oprea-Gancevici &#8211; Universitatea \u201e\u015etefan cel Mare\u201d, Suceava<br \/>\nConf. univ. dr. Mina Maria Rusu \u2013 Ministerul Educa\u0163iei \u015fi Cercet\u0103rii \u015etiin\u0163ifice<br \/>\nConf. univ. dr. Lumini\u021ba-Elena Turcu &#8211; Universitatea \u201e\u015etefan cel Mare\u201d, Suceava<br \/>\nLect. univ. dr. Raluca-Nicoleta Bala\u0163chi &#8211; Universitatea \u201e\u015etefan cel Mare\u201d, Suceava<br \/>\nLect. univ. dr. Ioana-Crina Coroi &#8211; Universitatea \u201e\u015etefan cel Mare\u201d, Suceava<br \/>\nLect. univ. dr. Dorel F\u00eenaru &#8211; Universitatea \u201e\u015etefan cel Mare\u201d, Suceava<br \/>\nLect. univ. dr. Nicoleta-Loredana Moro\u0219an &#8211; Universitatea \u201e\u015etefan cel Mare\u201d, Suceava<br \/>\nLect. univ. dr. Daniela Petro\u015fel &#8211; Universitatea \u201e\u015etefan cel Mare\u201d, Suceava<br \/>\nLect. univ. dr. C\u0103t\u0103lina P\u00eenzariu &#8211; Universitatea \u201e\u015etefan cel Mare\u201d, Suceava<br \/>\nLect. univ. dr. Ciprian Popa &#8211; Universitatea \u201e\u015etefan cel Mare\u201d, Suceava<br \/>\nLect. univ. dr. Codru\u0163 \u015eerban- Universitatea \u201e\u015etefan cel Mare\u201d, Suceava<br \/>\nLect. univ. dr. Oana Ursache \u2013 Universitatea din Granada, Spania<br \/>\nLect. univ. dr. Felicia Vr\u00e2nceanu &#8211; Universitatea Na\u0163ional\u0103 \u201eYurii Fedkovici\u201d, Cern\u0103u\u0163i, Ucraina<\/p>\n","protected":false},"excerpt":{"rendered":"<p>2023 Sanda-Maria Ardeleanu, prof. univ. dr., Universitatea \u201e\u0218tefan cel Mare\u201d, Suceava, Rom\u00e2nia Cristina Bleor\u021bu, doctor, Universitatea din Z\u00fcrich, Elve\u021bia Oana Boc, lector univ. dr., Universitatea Babe\u0219-Bolyai, Cluj-Napoca, Rom\u00e2nia Eugenia Bojoga, lector univ. dr., Universitatea Babe\u0219-Bolyai, Cluj-Napoca, Rom\u00e2nia Tatiana Ciocoi, conf. univ. dr. habil., Universitatea de Stat din Moldova, Republica Moldova Claudia Costin, prof. univ. dr.<\/p>\n","protected":false},"author":45,"featured_media":0,"parent":0,"menu_order":0,"comment_status":"closed","ping_status":"closed","template":"","meta":{"cybocfi_hide_featured_image":"","footnotes":""},"class_list":["post-2467","page","type-page","status-publish","hentry"],"yoast_head":"<!-- This site is optimized with the Yoast SEO plugin v27.5 - https:\/\/yoast.com\/product\/yoast-seo-wordpress\/ -->\n<title>Comitetul \u0219tiin\u021bific - Colocviul Interna\u021bional de \u0218tiin\u021be ale Limbajului (CISL) \u201eEugeniu Co\u0219eriu\u201d<\/title>\n<meta name=\"robots\" content=\"index, follow, max-snippet:-1, max-image-preview:large, max-video-preview:-1\" \/>\n<link rel=\"canonical\" href=\"https:\/\/cisl.usv.ro\/?page_id=2467\" \/>\n<meta property=\"og:locale\" content=\"en_US\" \/>\n<meta property=\"og:type\" content=\"article\" \/>\n<meta property=\"og:title\" content=\"Comitetul \u0219tiin\u021bific - Colocviul Interna\u021bional de \u0218tiin\u021be ale Limbajului (CISL) \u201eEugeniu Co\u0219eriu\u201d\" \/>\n<meta property=\"og:description\" content=\"2023 Sanda-Maria Ardeleanu, prof. univ. dr., Universitatea \u201e\u0218tefan cel Mare\u201d, Suceava, Rom\u00e2nia Cristina Bleor\u021bu, doctor, Universitatea din Z\u00fcrich, Elve\u021bia Oana Boc, lector univ. dr., Universitatea Babe\u0219-Bolyai, Cluj-Napoca, Rom\u00e2nia Eugenia Bojoga, lector univ. dr., Universitatea Babe\u0219-Bolyai, Cluj-Napoca, Rom\u00e2nia Tatiana Ciocoi, conf. univ. dr. habil., Universitatea de Stat din Moldova, Republica Moldova Claudia Costin, prof. univ. dr.\" \/>\n<meta property=\"og:url\" content=\"https:\/\/cisl.usv.ro\/?page_id=2467\" \/>\n<meta property=\"og:site_name\" content=\"Colocviul Interna\u021bional de \u0218tiin\u021be ale Limbajului (CISL) \u201eEugeniu Co\u0219eriu\u201d\" \/>\n<meta property=\"article:modified_time\" content=\"2024-08-11T06:55:11+00:00\" \/>\n<meta name=\"twitter:card\" content=\"summary_large_image\" \/>\n<meta name=\"twitter:label1\" content=\"Est. reading time\" \/>\n\t<meta name=\"twitter:data1\" content=\"6 minutes\" \/>\n<script type=\"application\/ld+json\" class=\"yoast-schema-graph\">{\"@context\":\"https:\\\/\\\/schema.org\",\"@graph\":[{\"@type\":\"WebPage\",\"@id\":\"https:\\\/\\\/cisl.usv.ro\\\/?page_id=2467\",\"url\":\"https:\\\/\\\/cisl.usv.ro\\\/?page_id=2467\",\"name\":\"Comitetul \u0219tiin\u021bific - Colocviul Interna\u021bional de \u0218tiin\u021be ale Limbajului (CISL) \u201eEugeniu Co\u0219eriu\u201d\",\"isPartOf\":{\"@id\":\"https:\\\/\\\/cisl.usv.ro\\\/#website\"},\"datePublished\":\"2024-07-04T09:35:08+00:00\",\"dateModified\":\"2024-08-11T06:55:11+00:00\",\"breadcrumb\":{\"@id\":\"https:\\\/\\\/cisl.usv.ro\\\/?page_id=2467#breadcrumb\"},\"inLanguage\":\"en-US\",\"potentialAction\":[{\"@type\":\"ReadAction\",\"target\":[\"https:\\\/\\\/cisl.usv.ro\\\/?page_id=2467\"]}]},{\"@type\":\"BreadcrumbList\",\"@id\":\"https:\\\/\\\/cisl.usv.ro\\\/?page_id=2467#breadcrumb\",\"itemListElement\":[{\"@type\":\"ListItem\",\"position\":1,\"name\":\"Home\",\"item\":\"https:\\\/\\\/cisl.usv.ro\\\/\"},{\"@type\":\"ListItem\",\"position\":2,\"name\":\"Comitetul \u0219tiin\u021bific\"}]},{\"@type\":\"WebSite\",\"@id\":\"https:\\\/\\\/cisl.usv.ro\\\/#website\",\"url\":\"https:\\\/\\\/cisl.usv.ro\\\/\",\"name\":\"Colocviul Interna\u021bional de \u0218tiin\u021be ale Limbajului (CISL) \u201eEugeniu Co\u0219eriu\u201d\",\"description\":\"Colocviul Interna\u021bional de \u0218tiin\u021be ale Limbajului \u201cEugeniu Co\u0219eriu\u201d, cu o tradi\u0163ie de peste 30 de ani, reprezint\u0103 un eveniment academic de referin\u021b\u0103 \u00een urm\u0103toarele domenii: semiotic\u0103, lingvistic\u0103, literatur\u0103, \u015ftiin\u0163e umaniste, filosofia limbii, didactic\u0103.\",\"potentialAction\":[{\"@type\":\"SearchAction\",\"target\":{\"@type\":\"EntryPoint\",\"urlTemplate\":\"https:\\\/\\\/cisl.usv.ro\\\/?s={search_term_string}\"},\"query-input\":{\"@type\":\"PropertyValueSpecification\",\"valueRequired\":true,\"valueName\":\"search_term_string\"}}],\"inLanguage\":\"en-US\"}]}<\/script>\n<!-- \/ Yoast SEO plugin. -->","yoast_head_json":{"title":"Comitetul \u0219tiin\u021bific - Colocviul Interna\u021bional de \u0218tiin\u021be ale Limbajului (CISL) \u201eEugeniu Co\u0219eriu\u201d","robots":{"index":"index","follow":"follow","max-snippet":"max-snippet:-1","max-image-preview":"max-image-preview:large","max-video-preview":"max-video-preview:-1"},"canonical":"https:\/\/cisl.usv.ro\/?page_id=2467","og_locale":"en_US","og_type":"article","og_title":"Comitetul \u0219tiin\u021bific - Colocviul Interna\u021bional de \u0218tiin\u021be ale Limbajului (CISL) \u201eEugeniu Co\u0219eriu\u201d","og_description":"2023 Sanda-Maria Ardeleanu, prof. univ. dr., Universitatea \u201e\u0218tefan cel Mare\u201d, Suceava, Rom\u00e2nia Cristina Bleor\u021bu, doctor, Universitatea din Z\u00fcrich, Elve\u021bia Oana Boc, lector univ. dr., Universitatea Babe\u0219-Bolyai, Cluj-Napoca, Rom\u00e2nia Eugenia Bojoga, lector univ. dr., Universitatea Babe\u0219-Bolyai, Cluj-Napoca, Rom\u00e2nia Tatiana Ciocoi, conf. univ. dr. habil., Universitatea de Stat din Moldova, Republica Moldova Claudia Costin, prof. univ. dr.","og_url":"https:\/\/cisl.usv.ro\/?page_id=2467","og_site_name":"Colocviul Interna\u021bional de \u0218tiin\u021be ale Limbajului (CISL) \u201eEugeniu Co\u0219eriu\u201d","article_modified_time":"2024-08-11T06:55:11+00:00","twitter_card":"summary_large_image","twitter_misc":{"Est. reading time":"6 minutes"},"schema":{"@context":"https:\/\/schema.org","@graph":[{"@type":"WebPage","@id":"https:\/\/cisl.usv.ro\/?page_id=2467","url":"https:\/\/cisl.usv.ro\/?page_id=2467","name":"Comitetul \u0219tiin\u021bific - Colocviul Interna\u021bional de \u0218tiin\u021be ale Limbajului (CISL) \u201eEugeniu Co\u0219eriu\u201d","isPartOf":{"@id":"https:\/\/cisl.usv.ro\/#website"},"datePublished":"2024-07-04T09:35:08+00:00","dateModified":"2024-08-11T06:55:11+00:00","breadcrumb":{"@id":"https:\/\/cisl.usv.ro\/?page_id=2467#breadcrumb"},"inLanguage":"en-US","potentialAction":[{"@type":"ReadAction","target":["https:\/\/cisl.usv.ro\/?page_id=2467"]}]},{"@type":"BreadcrumbList","@id":"https:\/\/cisl.usv.ro\/?page_id=2467#breadcrumb","itemListElement":[{"@type":"ListItem","position":1,"name":"Home","item":"https:\/\/cisl.usv.ro\/"},{"@type":"ListItem","position":2,"name":"Comitetul \u0219tiin\u021bific"}]},{"@type":"WebSite","@id":"https:\/\/cisl.usv.ro\/#website","url":"https:\/\/cisl.usv.ro\/","name":"Colocviul Interna\u021bional de \u0218tiin\u021be ale Limbajului (CISL) \u201eEugeniu Co\u0219eriu\u201d","description":"Colocviul Interna\u021bional de \u0218tiin\u021be ale Limbajului \u201cEugeniu Co\u0219eriu\u201d, cu o tradi\u0163ie de peste 30 de ani, reprezint\u0103 un eveniment academic de referin\u021b\u0103 \u00een urm\u0103toarele domenii: semiotic\u0103, lingvistic\u0103, literatur\u0103, \u015ftiin\u0163e umaniste, filosofia limbii, didactic\u0103.","potentialAction":[{"@type":"SearchAction","target":{"@type":"EntryPoint","urlTemplate":"https:\/\/cisl.usv.ro\/?s={search_term_string}"},"query-input":{"@type":"PropertyValueSpecification","valueRequired":true,"valueName":"search_term_string"}}],"inLanguage":"en-US"}]}},"_links":{"self":[{"href":"https:\/\/cisl.usv.ro\/index.php?rest_route=\/wp\/v2\/pages\/2467","targetHints":{"allow":["GET"]}}],"collection":[{"href":"https:\/\/cisl.usv.ro\/index.php?rest_route=\/wp\/v2\/pages"}],"about":[{"href":"https:\/\/cisl.usv.ro\/index.php?rest_route=\/wp\/v2\/types\/page"}],"author":[{"embeddable":true,"href":"https:\/\/cisl.usv.ro\/index.php?rest_route=\/wp\/v2\/users\/45"}],"replies":[{"embeddable":true,"href":"https:\/\/cisl.usv.ro\/index.php?rest_route=%2Fwp%2Fv2%2Fcomments&post=2467"}],"version-history":[{"count":0,"href":"https:\/\/cisl.usv.ro\/index.php?rest_route=\/wp\/v2\/pages\/2467\/revisions"}],"wp:attachment":[{"href":"https:\/\/cisl.usv.ro\/index.php?rest_route=%2Fwp%2Fv2%2Fmedia&parent=2467"}],"curies":[{"name":"wp","href":"https:\/\/api.w.org\/{rel}","templated":true}]}}